{"id":69242,"date":"2019-03-25T10:45:29","date_gmt":"2019-03-25T09:45:29","guid":{"rendered":"http:\/\/tagespflege-wirtz.de\/asfd845qaw3\/?page_id=69242"},"modified":"2024-11-05T10:15:21","modified_gmt":"2024-11-05T09:15:21","slug":"kontakt","status":"publish","type":"page","link":"http:\/\/tagespflege-wirtz.de\/asfd845qaw3\/kontakt\/","title":{"rendered":"Kontakt"},"content":{"rendered":"<p>[et_pb_section bb_built=&#8220;1&#8243; fullwidth=&#8220;on&#8220; next_background_color=&#8220;#f4e4a6&#8243; _builder_version=&#8220;3.19.17&#8243; box_shadow_style=&#8220;preset3&#8243;][et_pb_fullwidth_image admin_label=&#8220;Volle Breite des Bildes &#8211; kontakt_Header.png&#8220; src=&#8220;http:\/\/tagespflege-wirtz.de\/asfd845qaw3\/wp-content\/uploads\/2021\/02\/Header_Kontakt_Tagespflege_Burgstaedt_v2.png&#8220; _builder_version=&#8220;3.19.17&#8243; custom_margin=&#8220;20px||10px|&#8220;]<\/p>\n<p>[\/et_pb_fullwidth_image][\/et_pb_section][et_pb_section bb_built=&#8220;1&#8243; prev_background_color=&#8220;#ffffff&#8220; next_background_color=&#8220;#d8d9d9&#8243; _builder_version=&#8220;3.19.17&#8243; background_color=&#8220;#f4e4a6&#8243; box_shadow_style=&#8220;preset3&#8243; custom_margin=&#8220;0px||10px|&#8220;][et_pb_row custom_padding=&#8220;0px||0px|&#8220; custom_margin=&#8220;0px||0px|&#8220; make_equal=&#8220;on&#8220; _builder_version=&#8220;3.19.17&#8243;][et_pb_column type=&#8220;4_4&#8243;][et_pb_text admin_label=&#8220;Text &#8211; KONTAKT&#8220; _builder_version=&#8220;3.19.17&#8243; text_font_size=&#8220;16px&#8220;]<\/p>\n<h1>KONTAKT<\/h1>\n<p>Rund um das Thema Tagespflege gibt es viele Fragen. Gern nehmen wir uns f\u00fcr Sie Zeit und besprechen in Ruhe alle Sie interessierenden Themen.<br \/>Wir kennen die Bed\u00fcrfnisse pflegebed\u00fcrftiger Menschen und haben selbstverst\u00e4ndlich ein Ohr f\u00fcr ihre Sorgen. Weil viele dieser Probleme \u00e4hnlich und die Fragen dazu oft identisch sind, beantworten wir hier die wichtigsten, um Unsicherheiten und \u00c4ngste abzubauen.<\/p>\n<p>[\/et_pb_text][\/et_pb_column][\/et_pb_row][et_pb_row custom_padding=&#8220;||20px|&#8220; custom_margin=&#8220;||0px|&#8220; make_equal=&#8220;on&#8220; background_color_1=&#8220;#ffffff&#8220; background_color_2=&#8220;#ffffff&#8220; background_color_3=&#8220;#ffffff&#8220; _builder_version=&#8220;3.19.17&#8243;][et_pb_column type=&#8220;1_3&#8243;][et_pb_text admin_label=&#8220;Text &#8211; TAGESPFLEGE&#8230;&#8220; _builder_version=&#8220;3.19.17&#8243; background_color=&#8220;#ffffff&#8220; custom_padding=&#8220;20px|20px|20px|20px&#8220;]<\/p>\n<p><strong>TAGESPFLEGE<\/strong><img loading=\"lazy\" decoding=\"async\" class=\"alignright wp-image-69686\" src=\"http:\/\/tagespflege-wirtz.de\/asfd845qaw3\/wp-content\/uploads\/2019\/04\/Kreis_Haus_Tagespflege-Wirtz.png\" alt=\"\" width=\"65\" height=\"65\" \/><br \/><strong>\u201eAM ALTEN AMTSGERICHT\u201c<\/strong><\/p>\n<p>Ahnataler Platz 1<br \/>09217 Burgst\u00e4dt<\/p>\n<p>[\/et_pb_text][\/et_pb_column][et_pb_column type=&#8220;1_3&#8243;][et_pb_text admin_label=&#8220;Text &#8211; \u00d6FFNUNGSZEITENE&#8230;&#8220; _builder_version=&#8220;3.19.17&#8243; background_color=&#8220;#ffffff&#8220; custom_padding=&#8220;20px|20px|20px|20px&#8220;]<\/p>\n<p><strong>\u00d6FFNUNGSZEITEN:<\/strong><img loading=\"lazy\" decoding=\"async\" class=\"alignright wp-image-69729\" src=\"http:\/\/tagespflege-wirtz.de\/asfd845qaw3\/wp-content\/uploads\/2019\/04\/Kreis_Uhr_Tagespflege-Wirtz.png\" alt=\"\" width=\"65\" height=\"65\" \/><br \/>Mo. bis Fr. 08.00 -16.30 Uhr<\/p>\n<p><strong>BERATUNG:<\/strong><br \/>Mo. bis Fr. 08.00 &#8211; 17.00 Uhr<br \/>und nach Vereinbarung<\/p>\n<p>[\/et_pb_text][\/et_pb_column][et_pb_column type=&#8220;1_3&#8243;][et_pb_text admin_label=&#8220;Text &#8211; ZUR ROUTENPLANUNG&#8230;&#8220; _builder_version=&#8220;3.19.17&#8243; background_color=&#8220;#ffffff&#8220; custom_padding=&#8220;20px|20px|20px|20px&#8220;]<\/p>\n<p><strong>ZUR ROUTENPLANUNG<\/strong><img loading=\"lazy\" decoding=\"async\" class=\"alignright wp-image-69688\" src=\"http:\/\/tagespflege-wirtz.de\/asfd845qaw3\/wp-content\/uploads\/2019\/04\/Kreis_Standort_Tagespflege-Wirtz.png\" alt=\"\" width=\"65\" height=\"65\" \/><\/p>\n<p><a href=\"https:\/\/www.google.com\/maps\/place\/Ahnataler+Pl.+1,+09217+Burgst%C3%A4dt\/@50.9182051,12.8090113,17z\/data=!3m1!4b1!4m5!3m4!1s0x47a73ee6d98762a9:0x36717958584ce136!8m2!3d50.9182051!4d12.8112\" target=\"_blank\" rel=\"noopener noreferrer\">&gt; ANFAHRT<\/a><\/p>\n<p>&nbsp;<\/p>\n<p>[\/et_pb_text][\/et_pb_column][\/et_pb_row][et_pb_row custom_padding=&#8220;20px|||&#8220; custom_margin=&#8220;0px|||&#8220; make_equal=&#8220;on&#8220; background_color_1=&#8220;#ffffff&#8220; background_color_2=&#8220;#ffffff&#8220; background_color_3=&#8220;#ffffff&#8220; _builder_version=&#8220;3.19.17&#8243;][et_pb_column type=&#8220;1_3&#8243;][et_pb_text admin_label=&#8220;Text &#8211; TELEFON&#8230;&#8220; _builder_version=&#8220;3.19.17&#8243; background_color=&#8220;#ffffff&#8220; border_width_bottom=&#8220;40px&#8220; border_color_bottom=&#8220;#f4e4a6&#8243; custom_padding=&#8220;20px|20px|20px|20px&#8220; custom_padding_last_edited=&#8220;on|desktop&#8220;]<\/p>\n<p><strong>TELEFON:<\/strong><img loading=\"lazy\" decoding=\"async\" class=\"alignright wp-image-69685\" src=\"http:\/\/tagespflege-wirtz.de\/asfd845qaw3\/wp-content\/uploads\/2019\/04\/Kreis_Telefon_Tagespflege-Wirtz.png\" alt=\"\" width=\"65\" height=\"65\" \/><br \/><a href=\"tel:+4937248479933\">03724 . 847 99 33<\/a><\/p>\n<p><strong>MAIL:<\/strong> <br \/><a href=\"mailto:info@tagespflege-burgstaedt.de\">info@tagespflege-burgstaedt.de<\/a><\/p>\n<p><a href=\"http:\/\/tagespflege-wirtz.de\/asfd845qaw3\/ueber-uns\/\">&gt; UNSER TEAM<\/a><\/p>\n<p>[\/et_pb_text][et_pb_text admin_label=&#8220;Text &#8211; KONTAKT ZU IHREN ANGEH\u00d6RIGEN&#8230;&#8220; _builder_version=&#8220;3.19.17&#8243; background_color=&#8220;#ffffff&#8220; custom_padding=&#8220;10px|20px|20px|20px&#8220; custom_padding_last_edited=&#8220;on|desktop&#8220;]<\/p>\n<p><strong>KONTAKT ZU IHREN ANGEH\u00d6RIGEN<\/strong><img loading=\"lazy\" decoding=\"async\" class=\"alignright wp-image-69687\" src=\"http:\/\/tagespflege-wirtz.de\/asfd845qaw3\/wp-content\/uploads\/2019\/04\/Kreis_Mail_Tagespflege-Wirtz.png\" alt=\"\" width=\"65\" height=\"65\" \/><\/p>\n<p>Wir bieten den Angeh\u00f6rigen unserer<br \/>G\u00e4ste die M\u00f6glichkeit einen kleinen<br \/>liebevollen Brief zu schreiben. F\u00fcllen<br \/>Sie einfach das Formular aus und wir<br \/>\u00fcbergeben Ihre Gr\u00fc\u00dfe.<\/p>\n<p><a href=\"http:\/\/tagespflege-wirtz.de\/asfd845qaw3\/kontakt\/ihr-lieber-gruss\/\">&gt; Ihr Gru\u00df<\/a><\/p>\n<p>[\/et_pb_text][\/et_pb_column][et_pb_column type=&#8220;2_3&#8243;][et_pb_image admin_label=&#8220;Bild &#8211; Kontakt-Karte_TP-Burgstaedt.png&#8220; src=&#8220;http:\/\/tagespflege-wirtz.de\/asfd845qaw3\/wp-content\/uploads\/2019\/04\/Kontakt-Karte_TP-Burgstaedt.png&#8220; alt=&#8220; Unsere Tagespflege befindet sich im \u201eAlten Amtsgericht\u201c unmittelbar gegen\u00fcber der  Einkaufspassage Burgst\u00e4dt. ALDI, KIK und Takko sind unsere unmittelbaren Nachbarn.  Unsere Einrichtung ist problemlos mit den \u00f6ffentlichen Verkehrsmitteln zu erreichen.&#8220; show_in_lightbox=&#8220;on&#8220; force_fullwidth=&#8220;on&#8220; _builder_version=&#8220;3.19.17&#8243;]<\/p>\n<p>[\/et_pb_image][\/et_pb_column][\/et_pb_row][et_pb_row custom_padding=&#8220;0px||0px|&#8220; custom_margin=&#8220;0px||0px|&#8220; make_equal=&#8220;on&#8220; _builder_version=&#8220;3.19.17&#8243;][et_pb_column type=&#8220;4_4&#8243;][et_pb_text admin_label=&#8220;Text &#8211; KONTAKT&#8220; _builder_version=&#8220;3.19.17&#8243; text_font_size=&#8220;16px&#8220;]<\/p>\n<p>Gern informieren wir Sie \u00fcber unsere Leistungen. Wenn Sie oder Ihre Angeh\u00f6rigen Fragen zu Pflegeversicherung und anderen Kosten haben, wenn Sie Hilfe und Beratung bei der Beantragung von Pflegeleistungen brauchen, dann unterst\u00fctzen wir Sie und Ihre Angeh\u00f6rigen gerne und jederzeit auch pers\u00f6nlich. Gern k\u00f6nnen Sie auch mit diesem Kontaktformular mit uns in Verbindung treten.<\/p>\n<p>[\/et_pb_text][\/et_pb_column][\/et_pb_row][et_pb_row custom_padding=&#8220;||0px|&#8220; custom_margin=&#8220;||0px|&#8220; make_equal=&#8220;on&#8220; _builder_version=&#8220;3.19.17&#8243;][et_pb_column type=&#8220;4_4&#8243;][et_pb_text admin_label=&#8220;\u00dcberschrift &#8211; KONTAKTFORMULAR  &#8220; _builder_version=&#8220;3.19.17&#8243; max_width=&#8220;80%&#8220; module_alignment=&#8220;center&#8220;]<\/p>\n<h1>KONTAKTFORMULAR<\/h1>\n<p>Felder mit * sind Pflichtfelder<\/p>\n<p>[\/et_pb_text][et_pb_text _builder_version=&#8220;3.19.17&#8243; background_color=&#8220;#d8d9d9&#8243; max_width=&#8220;80%&#8220; module_alignment=&#8220;center&#8220; border_radii=&#8220;on|0px|0px|0px|0px&#8220; custom_padding=&#8220;10px|10px|10px|10px&#8220;]<\/p>\n\n<div class=\"wpcf7 no-js\" id=\"wpcf7-f70228-o1\" lang=\"de-DE\" dir=\"ltr\" data-wpcf7-id=\"70228\">\n<div class=\"screen-reader-response\"><p role=\"status\" aria-live=\"polite\" aria-atomic=\"true\"><\/p> <ul><\/ul><\/div>\n<form action=\"\/asfd845qaw3\/wp-json\/wp\/v2\/pages\/69242#wpcf7-f70228-o1\" method=\"post\" class=\"wpcf7-form init\" aria-label=\"Kontaktformular\" novalidate=\"novalidate\" data-status=\"init\">\n<div style=\"display: none;\">\n<input type=\"hidden\" name=\"_wpcf7\" value=\"70228\" \/>\n<input type=\"hidden\" name=\"_wpcf7_version\" value=\"6.0.6\" \/>\n<input type=\"hidden\" name=\"_wpcf7_locale\" value=\"de_DE\" \/>\n<input type=\"hidden\" name=\"_wpcf7_unit_tag\" value=\"wpcf7-f70228-o1\" \/>\n<input type=\"hidden\" name=\"_wpcf7_container_post\" value=\"0\" \/>\n<input type=\"hidden\" name=\"_wpcf7_posted_data_hash\" value=\"\" \/>\n<input type=\"hidden\" name=\"_wpcf7cf_hidden_group_fields\" value=\"[]\" \/>\n<input type=\"hidden\" name=\"_wpcf7cf_hidden_groups\" value=\"[]\" \/>\n<input type=\"hidden\" name=\"_wpcf7cf_visible_groups\" value=\"[]\" \/>\n<input type=\"hidden\" name=\"_wpcf7cf_repeaters\" value=\"[]\" \/>\n<input type=\"hidden\" name=\"_wpcf7cf_steps\" value=\"{}\" \/>\n<input type=\"hidden\" name=\"_wpcf7cf_options\" value=\"{&quot;form_id&quot;:70228,&quot;conditions&quot;:[],&quot;settings&quot;:{&quot;animation&quot;:&quot;yes&quot;,&quot;animation_intime&quot;:200,&quot;animation_outtime&quot;:200,&quot;conditions_ui&quot;:&quot;normal&quot;,&quot;notice_dismissed&quot;:false,&quot;notice_dismissed_update-cf7-5.5.6&quot;:true,&quot;notice_dismissed_update-cf7-6.0&quot;:true}}\" \/>\n<input type=\"hidden\" name=\"_wpcf7_recaptcha_response\" value=\"\" \/>\n<\/div>\n<p><span class=\"wpcf7-form-control-wrap\" data-name=\"your-firstname\"><input size=\"40\" maxlength=\"400\" class=\"wpcf7-form-control wpcf7-text wpcf7-validates-as-required\" aria-required=\"true\" aria-invalid=\"false\" placeholder=\"*Vorname\" value=\"\" type=\"text\" name=\"your-firstname\" \/><\/span>\n<\/p>\n<p><span class=\"wpcf7-form-control-wrap\" data-name=\"your-name\"><input size=\"40\" maxlength=\"400\" class=\"wpcf7-form-control wpcf7-text wpcf7-validates-as-required\" aria-required=\"true\" aria-invalid=\"false\" placeholder=\"*Name\" value=\"\" type=\"text\" name=\"your-name\" \/><\/span>\n<\/p>\n<p><span class=\"wpcf7-form-control-wrap\" data-name=\"Tel\"><input size=\"40\" maxlength=\"400\" class=\"wpcf7-form-control wpcf7-tel wpcf7-text wpcf7-validates-as-tel\" aria-invalid=\"false\" placeholder=\"Telefonnummer\" value=\"\" type=\"tel\" name=\"Tel\" \/><\/span>\n<\/p>\n<p><span class=\"wpcf7-form-control-wrap\" data-name=\"your-email\"><input size=\"40\" maxlength=\"400\" class=\"wpcf7-form-control wpcf7-email wpcf7-validates-as-required wpcf7-text wpcf7-validates-as-email\" aria-required=\"true\" aria-invalid=\"false\" placeholder=\"*E-Mail\" value=\"\" type=\"email\" name=\"your-email\" \/><\/span>\n<\/p>\n<p><span class=\"wpcf7-form-control-wrap\" data-name=\"your-message\"><textarea cols=\"40\" rows=\"10\" maxlength=\"2000\" class=\"wpcf7-form-control wpcf7-textarea wpcf7-validates-as-required\" aria-required=\"true\" aria-invalid=\"false\" placeholder=\"*Ihre Nachricht\" name=\"your-message\"><\/textarea><\/span>\n<\/p>\n<p>Mit dem Klick auf den Button \"Absenden\" stimmen Sie einer Speicherung und Verarbeitung der \u00fcbersendeten Daten zum Zwecke der Pr\u00fcfung Ihrer Bewerbung und unserer <a href=\"http:\/\/tagespflege-wirtz.de\/asfd845qaw3\/datenschutz\/\" target=\"_blank\">Datenschutzerkl\u00e4rung<\/a> zu.\n<\/p>\n<p><div class=\"cf7-cf-turnstile\" style=\"margin-top: 0px; margin-bottom: -15px;\"> <div id=\"cf-turnstile-cf7-4203075305\" class=\"cf-turnstile\" data-sitekey=\"0x4AAAAAAAzQqeHDFnOau_g8\" data-theme=\"light\" data-language=\"auto\" data-size=\"\" data-retry=\"auto\" data-retry-interval=\"1000\" data-action=\"contact-form-7\" data-appearance=\"always\"><\/div> <script>document.addEventListener(\"DOMContentLoaded\", function() { setTimeout(function(){ var e=document.getElementById(\"cf-turnstile-cf7-4203075305\"); e&&!e.innerHTML.trim()&&(turnstile.remove(\"#cf-turnstile-cf7-4203075305\"), turnstile.render(\"#cf-turnstile-cf7-4203075305\", {sitekey:\"0x4AAAAAAAzQqeHDFnOau_g8\"})); }, 0); });<\/script> <br class=\"cf-turnstile-br cf-turnstile-br-cf7-4203075305\"> <style>#cf-turnstile-cf7-4203075305 { margin-left: -15px; }<\/style> <script>document.addEventListener(\"DOMContentLoaded\",function(){document.querySelectorAll('.wpcf7-form').forEach(function(e){e.addEventListener('submit',function(){if(document.getElementById('cf-turnstile-cf7-4203075305')){setTimeout(function(){turnstile.reset('#cf-turnstile-cf7-4203075305');},1000)}})})});<\/script> <\/div>\n<\/p>\n<p><input class=\"wpcf7-form-control wpcf7-submit has-spinner\" type=\"submit\" value=\"Absenden\" \/>\n<\/p><div class=\"wpcf7-response-output\" aria-hidden=\"true\"><\/div>\n<\/form>\n<\/div>\n\n<p>[\/et_pb_text][\/et_pb_column][\/et_pb_row][\/et_pb_section][et_pb_section bb_built=&#8220;1&#8243; specialty=&#8220;off&#8220; prev_background_color=&#8220;#f4e4a6&#8243; _builder_version=&#8220;3.19.17&#8243; custom_margin=&#8220;0px||0px|&#8220; background_color=&#8220;#d8d9d9&#8243; custom_padding=&#8220;0px||0px|&#8220; box_shadow_style=&#8220;preset3&#8243; global_module=&#8220;69605&#8243;][et_pb_row global_parent=&#8220;69605&#8243; _builder_version=&#8220;3.19.17&#8243; custom_margin=&#8220;0px|||&#8220; custom_padding=&#8220;20px|||&#8220;][et_pb_column type=&#8220;1_3&#8243;][et_pb_image admin_label=&#8220;Bild &#8211; Haus_Tagespflege-Wirtz.png&#8220; global_parent=&#8220;69605&#8243; _builder_version=&#8220;3.19.17&#8243; src=&#8220;http:\/\/tagespflege-wirtz.de\/asfd845qaw3\/wp-content\/uploads\/2019\/03\/Haus_Tagespflege-Wirtz.png&#8220; align=&#8220;center&#8220; force_fullwidth=&#8220;on&#8220; custom_margin=&#8220;0px||0px|&#8220; custom_padding=&#8220;0px||0px|&#8220; \/][et_pb_image admin_label=&#8220;Bild &#8211; Menue_mein_zweites_Zuhause.png&#8220; global_parent=&#8220;69605&#8243; _builder_version=&#8220;3.19.17&#8243; src=&#8220;http:\/\/tagespflege-wirtz.de\/asfd845qaw3\/wp-content\/uploads\/2021\/02\/Menue_mein_zweites_Zuhause_v2.png&#8220; force_fullwidth=&#8220;on&#8220; custom_margin=&#8220;0px||0px|&#8220; custom_padding=&#8220;0px|||&#8220; \/][et_pb_text admin_label=&#8220;H1 &#8211; HG blau &#8211; 14pt &#8211; Mein zweites Zuhause&#8220; global_parent=&#8220;69605&#8243; _builder_version=&#8220;3.19.17&#8243; background_color=&#8220;#31549c&#8220; text_font=&#8220;|||on|||||&#8220; text_orientation=&#8220;center&#8220; background_layout=&#8220;dark&#8220; custom_padding=&#8220;10px||3px|&#8220; custom_margin=&#8220;||0px|&#8220; header_text_shadow_style=&#8220;preset1&#8243; box_shadow_style=&#8220;preset3&#8243; text_text_shadow_style=&#8220;preset1&#8243; header_font=&#8220;|||on|||||&#8220; header_text_align=&#8220;center&#8220; header_font_size=&#8220;18px&#8220;]<\/p>\n<h1>Mein zweites Zuhause<\/h1>\n<p>[\/et_pb_text][et_pb_text admin_label=&#8220;Text &#8211; HG wei\u00df &#8211; 12pt &#8211; So lang wie m\u00f6glich&#8230;&#8220; global_parent=&#8220;69605&#8243; _builder_version=&#8220;3.19.17&#8243; text_font_size=&#8220;12px&#8220; background_color=&#8220;#ffffff&#8220; custom_padding=&#8220;10px|10px|10px|10px&#8220; custom_margin=&#8220;0px|||&#8220; box_shadow_style=&#8220;preset3&#8243;]<\/p>\n<p>So lang wie m\u00f6glich Zuhause leben \u2013 wer w\u00fcnscht sich das nicht? Wenn sich jedoch Beeintr\u00e4chtigungen einstellen, kann es einem alles \u201ezu viel\u201c werden. Unsere Tagespflege entlastet Sie und Ihre Angeh\u00f6rigen.<br \/>Sie k\u00f6nnen weiterhin in Ihrem gewohnten Umfeld leben und sich tags\u00fcber an Gemeinschaft und Betreuung erfreuen \u2013 in der Tagespflege \u201eAm Alten Amtsgericht\u201c, Ihrem zweiten Zuhause.<\/p>\n<p>\u00a0<\/p>\n<ul>\n<li><a href=\"http:\/\/tagespflege-wirtz.de\/asfd845qaw3\/standorte\/burgstaedt\/\">WEITERLESEN<\/a><\/li>\n<li><a href=\"http:\/\/tagespflege-wirtz.de\/asfd845qaw3\/haeufige-fragen\/kosten\">FINANZIERUNG<\/a><\/li>\n<\/ul>\n<p>[\/et_pb_text][\/et_pb_column][et_pb_column type=&#8220;1_3&#8243;][et_pb_image admin_label=&#8220;Bild &#8211; Hacken_Tagespflege-Wirtz.png&#8220; global_parent=&#8220;69605&#8243; _builder_version=&#8220;3.19.17&#8243; src=&#8220;http:\/\/tagespflege-wirtz.de\/asfd845qaw3\/wp-content\/uploads\/2019\/03\/Hacken_Tagespflege-Wirtz.png&#8220; align=&#8220;center&#8220; force_fullwidth=&#8220;on&#8220; custom_margin=&#8220;0px||0px|&#8220; custom_padding=&#8220;0px||0px|&#8220; \/][et_pb_image admin_label=&#8220;Bild &#8211; Menue_Pflege_fuer_jedes_Alter.png&#8220; global_parent=&#8220;69605&#8243; _builder_version=&#8220;3.19.17&#8243; src=&#8220;http:\/\/tagespflege-wirtz.de\/asfd845qaw3\/wp-content\/uploads\/2021\/02\/Menue_Pflege_fuer_jedes_Alter_v2.png&#8220; force_fullwidth=&#8220;on&#8220; custom_margin=&#8220;0px||0px|&#8220; custom_padding=&#8220;0px|||&#8220; \/][et_pb_text admin_label=&#8220;H1 &#8211; HG blau &#8211; 14pt &#8211; Pflege f\u00fcr jedes Alter&#8220; global_parent=&#8220;69605&#8243; _builder_version=&#8220;3.19.17&#8243; background_color=&#8220;#31549c&#8220; text_font=&#8220;|||on|||||&#8220; text_orientation=&#8220;center&#8220; background_layout=&#8220;dark&#8220; custom_padding=&#8220;10px||3px|&#8220; custom_margin=&#8220;||0px|&#8220; header_text_shadow_style=&#8220;preset1&#8243; box_shadow_style=&#8220;preset3&#8243; text_text_shadow_style=&#8220;preset1&#8243; header_font=&#8220;|||on|||||&#8220; header_text_align=&#8220;center&#8220; header_font_size=&#8220;18px&#8220;]<\/p>\n<h1>Pflege f\u00fcr jedes Alter<\/h1>\n<p>[\/et_pb_text][et_pb_text admin_label=&#8220;Text &#8211; HG wei\u00df &#8211; 12pt &#8211; Wir betreuen pflege&#8230;&#8220; global_parent=&#8220;69605&#8243; _builder_version=&#8220;3.19.17&#8243; text_font_size=&#8220;12px&#8220; background_color=&#8220;#ffffff&#8220; custom_padding=&#8220;10px|10px|10px|10px&#8220; custom_margin=&#8220;0px|||&#8220; box_shadow_style=&#8220;preset3&#8243;]<\/p>\n<p>Wir betreuen pflegebed\u00fcrftige Menschen in jedem Alter.<\/p>\n<p>Das Zusammenleben mit anderen Menschen, die sich in gleichen oder \u00e4hnlichen Lebenssituationen befinden, unterst\u00fctzt und motiviert jeden einzelnen unserer G\u00e4ste. Gerade der Austausch der Generationen erweitert den Erfahrungsschatz und f\u00f6rdert die Sozialkompetenz.<\/p>\n<p>\u00a0<\/p>\n<ul>\n<li><a href=\"http:\/\/tagespflege-wirtz.de\/asfd845qaw3\/haeufige-fragen\/fuer-gaeste\/\">WEITERLESEN<\/a><\/li>\n<li><a href=\"http:\/\/tagespflege-wirtz.de\/asfd845qaw3\/galerie\/\">FOTOGALERIE<\/a><\/li>\n<\/ul>\n<p>[\/et_pb_text][\/et_pb_column][et_pb_column type=&#8220;1_3&#8243;][et_pb_image admin_label=&#8220;Bild &#8211; Smiley_Tagespflege-Wirtz.png&#8220; global_parent=&#8220;69605&#8243; _builder_version=&#8220;3.19.17&#8243; src=&#8220;http:\/\/tagespflege-wirtz.de\/asfd845qaw3\/wp-content\/uploads\/2019\/03\/Smiley_Tagespflege-Wirtz.png&#8220; align=&#8220;center&#8220; force_fullwidth=&#8220;on&#8220; custom_margin=&#8220;0px||0px|&#8220; custom_padding=&#8220;0px||0px|&#8220; \/][et_pb_image admin_label=&#8220;Bild &#8211; Menue_Beratung.png&#8220; global_parent=&#8220;69605&#8243; _builder_version=&#8220;3.19.17&#8243; src=&#8220;http:\/\/tagespflege-wirtz.de\/asfd845qaw3\/wp-content\/uploads\/2021\/02\/Menue_Beratung_v2.png&#8220; force_fullwidth=&#8220;on&#8220; custom_margin=&#8220;0px||0px|&#8220; custom_padding=&#8220;0px|||&#8220; \/][et_pb_text admin_label=&#8220;H1 &#8211; HG blau &#8211; 14pt &#8211; Beratung&#8220; global_parent=&#8220;69605&#8243; _builder_version=&#8220;3.19.17&#8243; background_color=&#8220;#31549c&#8220; text_font=&#8220;|||on|||||&#8220; text_orientation=&#8220;center&#8220; background_layout=&#8220;dark&#8220; custom_padding=&#8220;10px||3px|&#8220; custom_margin=&#8220;||0px|&#8220; header_text_shadow_style=&#8220;preset1&#8243; box_shadow_style=&#8220;preset3&#8243; text_text_shadow_style=&#8220;preset1&#8243; header_font=&#8220;|||on|||||&#8220; header_text_align=&#8220;center&#8220; header_font_size=&#8220;18px&#8220;]<\/p>\n<h1>Beratung<\/h1>\n<p>[\/et_pb_text][et_pb_text admin_label=&#8220;Text &#8211; HG wei\u00df &#8211; 12pt &#8211; Rund um das Thema&#8230;&#8220; global_parent=&#8220;69605&#8243; _builder_version=&#8220;3.19.17&#8243; text_font_size=&#8220;12px&#8220; background_color=&#8220;#ffffff&#8220; custom_padding=&#8220;10px|10px|10px|10px&#8220; custom_margin=&#8220;0px|||&#8220; box_shadow_style=&#8220;preset3&#8243;]<\/p>\n<p>Rund um das Thema Tagespflege gibt es viele Fragen. Gern nehmen wir uns f\u00fcr Sie Zeit und besprechen in Ruhe alle Sie interessierenden Themen.<\/p>\n<p>Wir kennen die Bed\u00fcrfnisse pflegebed\u00fcrftiger Menschen und haben selbstverst\u00e4ndlich ein Ohr f\u00fcr ihre Sorgen.<\/p>\n<p>\u00a0<\/p>\n<ul>\n<li><a href=\"http:\/\/tagespflege-wirtz.de\/asfd845qaw3\/haeufige-fragen\/\">H\u00c4UFIG GESTELLTE FRAGEN<\/a><\/li>\n<li><a href=\"http:\/\/tagespflege-wirtz.de\/asfd845qaw3\/haeufige-fragen\/kosten\">WER BEZAHLT DIE TAGESPFLEGE?<\/a><\/li>\n<\/ul>\n<p>[\/et_pb_text][\/et_pb_column][\/et_pb_row][\/et_pb_section]<\/p>\n","protected":false},"excerpt":{"rendered":"<p>[et_pb_section bb_built=&#8220;1&#8243; fullwidth=&#8220;on&#8220; next_background_color=&#8220;#f4e4a6&#8243; _builder_version=&#8220;3.19.17&#8243; box_shadow_style=&#8220;preset3&#8243;][et_pb_fullwidth_image admin_label=&#8220;Volle Breite des Bildes &#8211; kontakt_Header.png&#8220; src=&#8220;http:\/\/tagespflege-wirtz.de\/asfd845qaw3\/wp-content\/uploads\/2021\/02\/Header_Kontakt_Tagespflege_Burgstaedt_v2.png&#8220; _builder_version=&#8220;3.19.17&#8243; custom_margin=&#8220;20px||10px|&#8220;] [\/et_pb_fullwidth_image][\/et_pb_section][et_pb_section bb_built=&#8220;1&#8243; prev_background_color=&#8220;#ffffff&#8220; next_background_color=&#8220;#d8d9d9&#8243; _builder_version=&#8220;3.19.17&#8243; background_color=&#8220;#f4e4a6&#8243; box_shadow_style=&#8220;preset3&#8243; custom_margin=&#8220;0px||10px|&#8220;][et_pb_row custom_padding=&#8220;0px||0px|&#8220; custom_margin=&#8220;0px||0px|&#8220; make_equal=&#8220;on&#8220; _builder_version=&#8220;3.19.17&#8243;][et_pb_column type=&#8220;4_4&#8243;][et_pb_text admin_label=&#8220;Text &#8211; KONTAKT&#8220; _builder_version=&#8220;3.19.17&#8243; text_font_size=&#8220;16px&#8220;] KONTAKT Rund um das Thema Tagespflege gibt es viele Fragen. Gern nehmen wir uns f\u00fcr Sie Zeit und besprechen in Ruhe alle [&hellip;]<\/p>\n","protected":false},"author":1,"featured_media":0,"parent":0,"menu_order":0,"comment_status":"closed","ping_status":"closed","template":"","meta":{"_et_pb_use_builder":"on","_et_pb_old_content":"","footnotes":""},"class_list":["post-69242","page","type-page","status-publish","hentry"],"_links":{"self":[{"href":"http:\/\/tagespflege-wirtz.de\/asfd845qaw3\/wp-json\/wp\/v2\/pages\/69242"}],"collection":[{"href":"http:\/\/tagespflege-wirtz.de\/asfd845qaw3\/wp-json\/wp\/v2\/pages"}],"about":[{"href":"http:\/\/tagespflege-wirtz.de\/asfd845qaw3\/wp-json\/wp\/v2\/types\/page"}],"author":[{"embeddable":true,"href":"http:\/\/tagespflege-wirtz.de\/asfd845qaw3\/wp-json\/wp\/v2\/users\/1"}],"replies":[{"embeddable":true,"href":"http:\/\/tagespflege-wirtz.de\/asfd845qaw3\/wp-json\/wp\/v2\/comments?post=69242"}],"version-history":[{"count":86,"href":"http:\/\/tagespflege-wirtz.de\/asfd845qaw3\/wp-json\/wp\/v2\/pages\/69242\/revisions"}],"predecessor-version":[{"id":70233,"href":"http:\/\/tagespflege-wirtz.de\/asfd845qaw3\/wp-json\/wp\/v2\/pages\/69242\/revisions\/70233"}],"wp:attachment":[{"href":"http:\/\/tagespflege-wirtz.de\/asfd845qaw3\/wp-json\/wp\/v2\/media?parent=69242"}],"curies":[{"name":"wp","href":"https:\/\/api.w.org\/{rel}","templated":true}]}}