{"id":69236,"date":"2019-03-25T10:44:52","date_gmt":"2019-03-25T09:44:52","guid":{"rendered":"http:\/\/tagespflege-wirtz.de\/asfd845qaw3\/?page_id=69236"},"modified":"2025-05-16T16:19:04","modified_gmt":"2025-05-16T14:19:04","slug":"galerie","status":"publish","type":"page","link":"http:\/\/tagespflege-wirtz.de\/asfd845qaw3\/galerie\/","title":{"rendered":"Galerie"},"content":{"rendered":"<p>[et_pb_section bb_built=&#8220;1&#8243; fullwidth=&#8220;on&#8220; specialty=&#8220;off&#8220; next_background_color=&#8220;#f4e4a6&#8243; _builder_version=&#8220;3.19.17&#8243; box_shadow_style=&#8220;preset3&#8243;][et_pb_fullwidth_image admin_label=&#8220;Volle Breite des Bildes &#8211; willkommen_bild.png&#8220; _builder_version=&#8220;3.19.17&#8243; src=&#8220;http:\/\/tagespflege-wirtz.de\/asfd845qaw3\/wp-content\/uploads\/2025\/05\/Header_Start_Tagespflege_Burgstaedt_v4.png&#8220; custom_margin=&#8220;20px||10px|&#8220; \/][\/et_pb_section][et_pb_section bb_built=&#8220;1&#8243; specialty=&#8220;off&#8220; prev_background_color=&#8220;#ffffff&#8220; _builder_version=&#8220;3.19.17&#8243; custom_margin=&#8220;0px||10px|&#8220; box_shadow_style=&#8220;preset3&#8243; background_color=&#8220;#f4e4a6&#8243; next_background_color=&#8220;#d8d9d9&#8243;][et_pb_row _builder_version=&#8220;3.19.17&#8243; make_equal=&#8220;on&#8220; custom_margin=&#8220;0px||0px|&#8220; custom_padding=&#8220;0px||0px|&#8220;][et_pb_column type=&#8220;1_4&#8243;][et_pb_image admin_label=&#8220;Bild &#8211; Button_blau_Mensch-Alter_Tagespflege-Wirtz.png&#8220; _builder_version=&#8220;3.19.17&#8243; src=&#8220;http:\/\/tagespflege-wirtz.de\/asfd845qaw3\/wp-content\/uploads\/2019\/04\/Button_gelb_Mein-zweites-Zuhause_Tagespflege-Wirtz.png&#8220; max_width=&#8220;70%&#8220; max_width_phone=&#8220;50%&#8220; max_width_last_edited=&#8220;on|desktop&#8220; align=&#8220;center&#8220; \/][\/et_pb_column][et_pb_column type=&#8220;1_2&#8243;][et_pb_text admin_label=&#8220;Text &#8211; WILLKOMMEN&#8220; _builder_version=&#8220;3.19.17&#8243; text_font_size=&#8220;16px&#8220;]<\/p>\n<h1>GALERIE<\/h1>\n<p>[\/et_pb_text][et_pb_gallery _builder_version=&#8220;3.19.17&#8243; gallery_ids=&#8220;70030,70031,70032,70033,70034,69491,69472,69399,69471&#8243; show_title_and_caption=&#8220;off&#8220; hover_overlay_color=&#8220;rgba(255,255,255,0.9)&#8220; box_shadow_style_image=&#8220;preset3&#8243; \/][\/et_pb_column][et_pb_column type=&#8220;1_4&#8243;][et_pb_image admin_label=&#8220;Bild &#8211; Button_blau_Mensch-Alter_Tagespflege-Wirtz.png&#8220; _builder_version=&#8220;3.19.17&#8243; src=&#8220;http:\/\/tagespflege-wirtz.de\/asfd845qaw3\/wp-content\/uploads\/2019\/03\/Button_blau_Mensch-Alter_Tagespflege-Wirtz.png&#8220; align=&#8220;center&#8220; max_width=&#8220;70%&#8220; max_width_phone=&#8220;50%&#8220; max_width_last_edited=&#8220;on|phone&#8220; custom_padding=&#8220;400px|||&#8220; custom_padding_last_edited=&#8220;on|desktop&#8220; custom_padding_tablet=&#8220;75px|||&#8220; custom_padding_phone=&#8220;0px|||&#8220; \/][\/et_pb_column][\/et_pb_row][\/et_pb_section][et_pb_section bb_built=&#8220;1&#8243; specialty=&#8220;off&#8220; prev_background_color=&#8220;#f4e4a6&#8243; _builder_version=&#8220;3.19.17&#8243; custom_margin=&#8220;0px||0px|&#8220; background_color=&#8220;#d8d9d9&#8243; custom_padding=&#8220;0px||0px|&#8220; box_shadow_style=&#8220;preset3&#8243; global_module=&#8220;69605&#8243;][et_pb_row global_parent=&#8220;69605&#8243; _builder_version=&#8220;3.19.17&#8243; custom_margin=&#8220;0px|||&#8220; custom_padding=&#8220;20px|||&#8220;][et_pb_column type=&#8220;1_3&#8243;][et_pb_image admin_label=&#8220;Bild &#8211; Haus_Tagespflege-Wirtz.png&#8220; global_parent=&#8220;69605&#8243; _builder_version=&#8220;3.19.17&#8243; src=&#8220;http:\/\/tagespflege-wirtz.de\/asfd845qaw3\/wp-content\/uploads\/2019\/03\/Haus_Tagespflege-Wirtz.png&#8220; align=&#8220;center&#8220; force_fullwidth=&#8220;on&#8220; custom_margin=&#8220;0px||0px|&#8220; custom_padding=&#8220;0px||0px|&#8220; \/][et_pb_image admin_label=&#8220;Bild &#8211; Menue_mein_zweites_Zuhause.png&#8220; global_parent=&#8220;69605&#8243; _builder_version=&#8220;3.19.17&#8243; src=&#8220;http:\/\/tagespflege-wirtz.de\/asfd845qaw3\/wp-content\/uploads\/2021\/02\/Menue_mein_zweites_Zuhause_v2.png&#8220; force_fullwidth=&#8220;on&#8220; custom_margin=&#8220;0px||0px|&#8220; custom_padding=&#8220;0px|||&#8220; \/][et_pb_text admin_label=&#8220;H1 &#8211; HG blau &#8211; 14pt &#8211; Mein zweites Zuhause&#8220; global_parent=&#8220;69605&#8243; _builder_version=&#8220;3.19.17&#8243; background_color=&#8220;#31549c&#8220; text_font=&#8220;|||on|||||&#8220; text_orientation=&#8220;center&#8220; background_layout=&#8220;dark&#8220; custom_padding=&#8220;10px||3px|&#8220; custom_margin=&#8220;||0px|&#8220; header_text_shadow_style=&#8220;preset1&#8243; box_shadow_style=&#8220;preset3&#8243; text_text_shadow_style=&#8220;preset1&#8243; header_font=&#8220;|||on|||||&#8220; header_text_align=&#8220;center&#8220; header_font_size=&#8220;18px&#8220;]<\/p>\n<h1>Mein zweites Zuhause<\/h1>\n<p>[\/et_pb_text][et_pb_text admin_label=&#8220;Text &#8211; HG wei\u00df &#8211; 12pt &#8211; So lang wie m\u00f6glich&#8230;&#8220; global_parent=&#8220;69605&#8243; _builder_version=&#8220;3.19.17&#8243; text_font_size=&#8220;12px&#8220; background_color=&#8220;#ffffff&#8220; custom_padding=&#8220;10px|10px|10px|10px&#8220; custom_margin=&#8220;0px|||&#8220; box_shadow_style=&#8220;preset3&#8243;]<\/p>\n<p>So lang wie m\u00f6glich Zuhause leben \u2013 wer w\u00fcnscht sich das nicht? Wenn sich jedoch Beeintr\u00e4chtigungen einstellen, kann es einem alles \u201ezu viel\u201c werden. Unsere Tagespflege entlastet Sie und Ihre Angeh\u00f6rigen.<br \/>Sie k\u00f6nnen weiterhin in Ihrem gewohnten Umfeld leben und sich tags\u00fcber an Gemeinschaft und Betreuung erfreuen \u2013 in der Tagespflege \u201eAm Alten Amtsgericht\u201c, Ihrem zweiten Zuhause.<\/p>\n<p>\u00a0<\/p>\n<ul>\n<li><a href=\"http:\/\/tagespflege-wirtz.de\/asfd845qaw3\/standorte\/burgstaedt\/\">WEITERLESEN<\/a><\/li>\n<li><a href=\"http:\/\/tagespflege-wirtz.de\/asfd845qaw3\/haeufige-fragen\/kosten\">FINANZIERUNG<\/a><\/li>\n<\/ul>\n<p>[\/et_pb_text][\/et_pb_column][et_pb_column type=&#8220;1_3&#8243;][et_pb_image admin_label=&#8220;Bild &#8211; Hacken_Tagespflege-Wirtz.png&#8220; global_parent=&#8220;69605&#8243; _builder_version=&#8220;3.19.17&#8243; src=&#8220;http:\/\/tagespflege-wirtz.de\/asfd845qaw3\/wp-content\/uploads\/2019\/03\/Hacken_Tagespflege-Wirtz.png&#8220; align=&#8220;center&#8220; force_fullwidth=&#8220;on&#8220; custom_margin=&#8220;0px||0px|&#8220; custom_padding=&#8220;0px||0px|&#8220; \/][et_pb_image admin_label=&#8220;Bild &#8211; Menue_Pflege_fuer_jedes_Alter.png&#8220; global_parent=&#8220;69605&#8243; _builder_version=&#8220;3.19.17&#8243; src=&#8220;http:\/\/tagespflege-wirtz.de\/asfd845qaw3\/wp-content\/uploads\/2021\/02\/Menue_Pflege_fuer_jedes_Alter_v2.png&#8220; force_fullwidth=&#8220;on&#8220; custom_margin=&#8220;0px||0px|&#8220; custom_padding=&#8220;0px|||&#8220; \/][et_pb_text admin_label=&#8220;H1 &#8211; HG blau &#8211; 14pt &#8211; Pflege f\u00fcr jedes Alter&#8220; global_parent=&#8220;69605&#8243; _builder_version=&#8220;3.19.17&#8243; background_color=&#8220;#31549c&#8220; text_font=&#8220;|||on|||||&#8220; text_orientation=&#8220;center&#8220; background_layout=&#8220;dark&#8220; custom_padding=&#8220;10px||3px|&#8220; custom_margin=&#8220;||0px|&#8220; header_text_shadow_style=&#8220;preset1&#8243; box_shadow_style=&#8220;preset3&#8243; text_text_shadow_style=&#8220;preset1&#8243; header_font=&#8220;|||on|||||&#8220; header_text_align=&#8220;center&#8220; header_font_size=&#8220;18px&#8220;]<\/p>\n<h1>Pflege f\u00fcr jedes Alter<\/h1>\n<p>[\/et_pb_text][et_pb_text admin_label=&#8220;Text &#8211; HG wei\u00df &#8211; 12pt &#8211; Wir betreuen pflege&#8230;&#8220; global_parent=&#8220;69605&#8243; _builder_version=&#8220;3.19.17&#8243; text_font_size=&#8220;12px&#8220; background_color=&#8220;#ffffff&#8220; custom_padding=&#8220;10px|10px|10px|10px&#8220; custom_margin=&#8220;0px|||&#8220; box_shadow_style=&#8220;preset3&#8243;]<\/p>\n<p>Wir betreuen pflegebed\u00fcrftige Menschen in jedem Alter.<\/p>\n<p>Das Zusammenleben mit anderen Menschen, die sich in gleichen oder \u00e4hnlichen Lebenssituationen befinden, unterst\u00fctzt und motiviert jeden einzelnen unserer G\u00e4ste. Gerade der Austausch der Generationen erweitert den Erfahrungsschatz und f\u00f6rdert die Sozialkompetenz.<\/p>\n<p>\u00a0<\/p>\n<ul>\n<li><a href=\"http:\/\/tagespflege-wirtz.de\/asfd845qaw3\/haeufige-fragen\/fuer-gaeste\/\">WEITERLESEN<\/a><\/li>\n<li><a href=\"http:\/\/tagespflege-wirtz.de\/asfd845qaw3\/galerie\/\">FOTOGALERIE<\/a><\/li>\n<\/ul>\n<p>[\/et_pb_text][\/et_pb_column][et_pb_column type=&#8220;1_3&#8243;][et_pb_image admin_label=&#8220;Bild &#8211; Smiley_Tagespflege-Wirtz.png&#8220; global_parent=&#8220;69605&#8243; _builder_version=&#8220;3.19.17&#8243; src=&#8220;http:\/\/tagespflege-wirtz.de\/asfd845qaw3\/wp-content\/uploads\/2019\/03\/Smiley_Tagespflege-Wirtz.png&#8220; align=&#8220;center&#8220; force_fullwidth=&#8220;on&#8220; custom_margin=&#8220;0px||0px|&#8220; custom_padding=&#8220;0px||0px|&#8220; \/][et_pb_image admin_label=&#8220;Bild &#8211; Menue_Beratung.png&#8220; global_parent=&#8220;69605&#8243; _builder_version=&#8220;3.19.17&#8243; src=&#8220;http:\/\/tagespflege-wirtz.de\/asfd845qaw3\/wp-content\/uploads\/2021\/02\/Menue_Beratung_v2.png&#8220; force_fullwidth=&#8220;on&#8220; custom_margin=&#8220;0px||0px|&#8220; custom_padding=&#8220;0px|||&#8220; \/][et_pb_text admin_label=&#8220;H1 &#8211; HG blau &#8211; 14pt &#8211; Beratung&#8220; global_parent=&#8220;69605&#8243; _builder_version=&#8220;3.19.17&#8243; background_color=&#8220;#31549c&#8220; text_font=&#8220;|||on|||||&#8220; text_orientation=&#8220;center&#8220; background_layout=&#8220;dark&#8220; custom_padding=&#8220;10px||3px|&#8220; custom_margin=&#8220;||0px|&#8220; header_text_shadow_style=&#8220;preset1&#8243; box_shadow_style=&#8220;preset3&#8243; text_text_shadow_style=&#8220;preset1&#8243; header_font=&#8220;|||on|||||&#8220; header_text_align=&#8220;center&#8220; header_font_size=&#8220;18px&#8220;]<\/p>\n<h1>Beratung<\/h1>\n<p>[\/et_pb_text][et_pb_text admin_label=&#8220;Text &#8211; HG wei\u00df &#8211; 12pt &#8211; Rund um das Thema&#8230;&#8220; global_parent=&#8220;69605&#8243; _builder_version=&#8220;3.19.17&#8243; text_font_size=&#8220;12px&#8220; background_color=&#8220;#ffffff&#8220; custom_padding=&#8220;10px|10px|10px|10px&#8220; custom_margin=&#8220;0px|||&#8220; box_shadow_style=&#8220;preset3&#8243;]<\/p>\n<p>Rund um das Thema Tagespflege gibt es viele Fragen. Gern nehmen wir uns f\u00fcr Sie Zeit und besprechen in Ruhe alle Sie interessierenden Themen.<\/p>\n<p>Wir kennen die Bed\u00fcrfnisse pflegebed\u00fcrftiger Menschen und haben selbstverst\u00e4ndlich ein Ohr f\u00fcr ihre Sorgen.<\/p>\n<p>\u00a0<\/p>\n<ul>\n<li><a href=\"http:\/\/tagespflege-wirtz.de\/asfd845qaw3\/haeufige-fragen\/\">H\u00c4UFIG GESTELLTE FRAGEN<\/a><\/li>\n<li><a href=\"http:\/\/tagespflege-wirtz.de\/asfd845qaw3\/haeufige-fragen\/kosten\">WER BEZAHLT DIE TAGESPFLEGE?<\/a><\/li>\n<\/ul>\n<p>[\/et_pb_text][\/et_pb_column][\/et_pb_row][\/et_pb_section]<\/p>\n","protected":false},"excerpt":{"rendered":"<p>[et_pb_section bb_built=&#8220;1&#8243; fullwidth=&#8220;on&#8220; specialty=&#8220;off&#8220; next_background_color=&#8220;#f4e4a6&#8243; _builder_version=&#8220;3.19.17&#8243; box_shadow_style=&#8220;preset3&#8243;][et_pb_fullwidth_image admin_label=&#8220;Volle Breite des Bildes &#8211; willkommen_bild.png&#8220; _builder_version=&#8220;3.19.17&#8243; src=&#8220;http:\/\/tagespflege-wirtz.de\/asfd845qaw3\/wp-content\/uploads\/2025\/05\/Header_Start_Tagespflege_Burgstaedt_v4.png&#8220; custom_margin=&#8220;20px||10px|&#8220; \/][\/et_pb_section][et_pb_section bb_built=&#8220;1&#8243; specialty=&#8220;off&#8220; prev_background_color=&#8220;#ffffff&#8220; _builder_version=&#8220;3.19.17&#8243; custom_margin=&#8220;0px||10px|&#8220; box_shadow_style=&#8220;preset3&#8243; background_color=&#8220;#f4e4a6&#8243; next_background_color=&#8220;#d8d9d9&#8243;][et_pb_row _builder_version=&#8220;3.19.17&#8243; make_equal=&#8220;on&#8220; custom_margin=&#8220;0px||0px|&#8220; custom_padding=&#8220;0px||0px|&#8220;][et_pb_column type=&#8220;1_4&#8243;][et_pb_image admin_label=&#8220;Bild &#8211; Button_blau_Mensch-Alter_Tagespflege-Wirtz.png&#8220; _builder_version=&#8220;3.19.17&#8243; src=&#8220;http:\/\/tagespflege-wirtz.de\/asfd845qaw3\/wp-content\/uploads\/2019\/04\/Button_gelb_Mein-zweites-Zuhause_Tagespflege-Wirtz.png&#8220; max_width=&#8220;70%&#8220; max_width_phone=&#8220;50%&#8220; max_width_last_edited=&#8220;on|desktop&#8220; align=&#8220;center&#8220; \/][\/et_pb_column][et_pb_column type=&#8220;1_2&#8243;][et_pb_text admin_label=&#8220;Text &#8211; WILLKOMMEN&#8220; _builder_version=&#8220;3.19.17&#8243; text_font_size=&#8220;16px&#8220;] GALERIE [\/et_pb_text][et_pb_gallery _builder_version=&#8220;3.19.17&#8243; gallery_ids=&#8220;70030,70031,70032,70033,70034,69491,69472,69399,69471&#8243; show_title_and_caption=&#8220;off&#8220; hover_overlay_color=&#8220;rgba(255,255,255,0.9)&#8220; box_shadow_style_image=&#8220;preset3&#8243; \/][\/et_pb_column][et_pb_column type=&#8220;1_4&#8243;][et_pb_image [&hellip;]<\/p>\n","protected":false},"author":1,"featured_media":0,"parent":0,"menu_order":0,"comment_status":"closed","ping_status":"closed","template":"","meta":{"_et_pb_use_builder":"on","_et_pb_old_content":"","footnotes":""},"class_list":["post-69236","page","type-page","status-publish","hentry"],"_links":{"self":[{"href":"http:\/\/tagespflege-wirtz.de\/asfd845qaw3\/wp-json\/wp\/v2\/pages\/69236"}],"collection":[{"href":"http:\/\/tagespflege-wirtz.de\/asfd845qaw3\/wp-json\/wp\/v2\/pages"}],"about":[{"href":"http:\/\/tagespflege-wirtz.de\/asfd845qaw3\/wp-json\/wp\/v2\/types\/page"}],"author":[{"embeddable":true,"href":"http:\/\/tagespflege-wirtz.de\/asfd845qaw3\/wp-json\/wp\/v2\/users\/1"}],"replies":[{"embeddable":true,"href":"http:\/\/tagespflege-wirtz.de\/asfd845qaw3\/wp-json\/wp\/v2\/comments?post=69236"}],"version-history":[{"count":26,"href":"http:\/\/tagespflege-wirtz.de\/asfd845qaw3\/wp-json\/wp\/v2\/pages\/69236\/revisions"}],"predecessor-version":[{"id":70244,"href":"http:\/\/tagespflege-wirtz.de\/asfd845qaw3\/wp-json\/wp\/v2\/pages\/69236\/revisions\/70244"}],"wp:attachment":[{"href":"http:\/\/tagespflege-wirtz.de\/asfd845qaw3\/wp-json\/wp\/v2\/media?parent=69236"}],"curies":[{"name":"wp","href":"https:\/\/api.w.org\/{rel}","templated":true}]}}