{"id":69233,"date":"2019-03-25T10:44:16","date_gmt":"2019-03-25T09:44:16","guid":{"rendered":"http:\/\/tagespflege-wirtz.de\/asfd845qaw3\/?page_id=69233"},"modified":"2021-04-20T09:11:19","modified_gmt":"2021-04-20T07:11:19","slug":"haeufige-fragen","status":"publish","type":"page","link":"http:\/\/tagespflege-wirtz.de\/asfd845qaw3\/haeufige-fragen\/","title":{"rendered":"H\u00e4ufige Fragen"},"content":{"rendered":"<p>[et_pb_section bb_built=&#8220;1&#8243; fullwidth=&#8220;on&#8220; specialty=&#8220;off&#8220; next_background_color=&#8220;#f4e4a6&#8243; _builder_version=&#8220;3.19.17&#8243; box_shadow_style=&#8220;preset3&#8243;][et_pb_fullwidth_image admin_label=&#8220;Volle Breite des Bildes &#8211; faq_Header.png&#8220; _builder_version=&#8220;3.19.17&#8243; src=&#8220;http:\/\/tagespflege-wirtz.de\/asfd845qaw3\/wp-content\/uploads\/2019\/05\/Header_Burgstaedt_Tagespflege_Burgstaedt.png&#8220; custom_margin=&#8220;20px||10px|&#8220; \/][\/et_pb_section][et_pb_section bb_built=&#8220;1&#8243; specialty=&#8220;off&#8220; prev_background_color=&#8220;#ffffff&#8220; _builder_version=&#8220;3.19.17&#8243; custom_margin=&#8220;0px||10px|&#8220; box_shadow_style=&#8220;preset3&#8243; background_color=&#8220;#f4e4a6&#8243; next_background_color=&#8220;#d8d9d9&#8243;][et_pb_row _builder_version=&#8220;3.19.17&#8243; make_equal=&#8220;on&#8220; custom_margin=&#8220;0px||0px|&#8220; custom_padding=&#8220;0px||0px|&#8220;][et_pb_column type=&#8220;4_4&#8243;][et_pb_text admin_label=&#8220;Text &#8211; H\u00c4UFIG GESTELLTE FRAGEN&#8220; _builder_version=&#8220;3.19.17&#8243; text_font_size=&#8220;16px&#8220;]<\/p>\n<h1>H\u00c4UFIG GESTELLTE FRAGEN<\/h1>\n<p>Rund um das Thema Tagespflege gibt es viele Fragen. Gern nehmen wir uns f\u00fcr Sie Zeit und besprechen in Ruhe alle Sie interessierenden Themen. <br \/>Wir kennen die Bed\u00fcrfnisse pflegebed\u00fcrftiger Menschen und haben selbstverst\u00e4ndlich ein Ohr f\u00fcr ihre Sorgen. Weil viele dieser Probleme \u00e4hnlich und die Fragen dazu oft identisch sind, beantworten wir hier die wichtigsten, um Unsicherheiten und \u00c4ngste abzubauen.<\/p>\n<p>[\/et_pb_text][\/et_pb_column][\/et_pb_row][et_pb_row][et_pb_column type=&#8220;4_4&#8243;][et_pb_text admin_label=&#8220;Text-Kosten&#8220; _builder_version=&#8220;3.19.17&#8243;]<\/p>\n<div class=\"et_pb_module et_pb_text et_pb_text_0 et_pb_bg_layout_light et_pb_text_align_left\">\n<div class=\"et_pb_text_inner\">\n<h1>Die Finanzierung der Tagespflege<\/h1>\n<p>\u00dcber die Pflegeversicherung l\u00e4sst sich die Leistung Tagespflege zu gro\u00dfen Teilen finanzieren. Bitte sprechen Sie uns an, wer beraten Sie gerne und machen Ihnen einen unverbindlichen Kostenvoranschlag.<\/p>\n<p>F\u00fcr den Besuch unserer Tagespflege wird von den Pflegekassen ein\u00a0 Tagessatz berechnet. Dieser richtet sich nach der jeweiligen Pflegestufe. Er setzt sich zusammen aus:<\/p>\n<ol>\n<li>den pflegebedingten Kosten<\/li>\n<li>den Fahrtkosten<\/li>\n<li>den Kosten f\u00fcr Unterkunft und Verpflegung<\/li>\n<li>den Investitionskosten<\/li>\n<\/ol>\n<p><strong>Die pflegebedingten Kosten<br \/><\/strong>An den durch die Pflege anfallenden Kosten, den sogenannten Pflegekosten, und den Fahrtkosten beteiligen sich die Pflegekassen bis zur Obergrenze der jeweils bewilligten Pflegestufe.<\/p>\n<p>Die Kosten der Tagespflege werden ab Pflegestufe 1\u00a0 von den Pflegekassen \u00fcbernommen. Die sogenannte \u201e150 % Regelung\u201c erm\u00f6glicht Ihnen bei bestimmten Voraussetzungen eine Tagespflege ohne zus\u00e4tzliche Kosten. Pflegende Angeh\u00f6rige haben einen Anspruch ohne K\u00fcrzung des Pflegegelds.<\/p>\n<p>Reichen die Leistungen der Pflegekasse nicht aus, um die Tagespflege komplett zu finanzieren, werden die restlichen Kosten von den Tagesg\u00e4sten selbst gezahlt oder k\u00f6nnen unter bestimmten Voraussetzungen auf Antrag vom Sozialamt \u00fcbernommen werden. Reichen die Leistungen der Pflegeversicherung, der bewohnerorientierte Aufwendungszuschuss, das Betreuungsgeld sowie Ihr Einkommen und Verm\u00f6gen nicht aus, um die Leistungen der Tagespflege vollst\u00e4ndig zu finanzieren, ist eine Kontaktaufnahme zum Sozialamt in jedem Fall ratsam. M\u00f6glicherweise haben Sie einen Anspruch auf Leistungen der Hilfe zur Pflege.<\/p>\n<p><strong>Die Kosten f\u00fcr Unterkunft und Verpflegung<br \/><\/strong>Diese Kosten sind vom Gast selbst zu tragen. Gegebenenfalls \u00fcbernimmt diese der Sozialhilfetr\u00e4ger oder sie k\u00f6nnen \u00fcber die Leistungen der Pflegekasse f\u00fcr Menschen mit einem zus\u00e4tzlichen Betreuungsbedarf nach \u00a7 45b SGB XI bestritten werden.<\/p>\n<p><strong>Die Fahrtkosten und die Investitionskosten<br \/><\/strong>Diese sind vom Gast selbst zu tragen.<\/p>\n<p><strong>Haben Sie Fragen? Wir helfen Ihnen gerne weiter!<\/strong><\/p>\n<\/div>\n<\/div>\n<p>[\/et_pb_text][\/et_pb_column][\/et_pb_row][et_pb_row][et_pb_column type=&#8220;4_4&#8243;][et_pb_divider _builder_version=&#8220;3.19.17&#8243; \/][\/et_pb_column][\/et_pb_row][et_pb_row _builder_version=&#8220;3.19.17&#8243; make_equal=&#8220;on&#8220; custom_margin=&#8220;10px||0px|&#8220; custom_padding=&#8220;10px||0px|&#8220;][et_pb_column type=&#8220;4_4&#8243;][et_pb_text admin_label=&#8220;Text &#8211; H\u00c4UFIG GESTELLTE FRAGEN Betroffene&#8220; _builder_version=&#8220;3.19.17&#8243; text_font_size=&#8220;16px&#8220;]<\/p>\n<h1>H\u00c4UFIG GESTELLTE FRAGEN <u>VON BETROFFENEN UND G\u00c4STEN<\/u><\/h1>\n<p>[\/et_pb_text][\/et_pb_column][\/et_pb_row][et_pb_row][et_pb_column type=&#8220;1_2&#8243;][et_pb_toggle _builder_version=&#8220;3.19.17&#8243; title=&#8220;Kann ich mit einer Tagespflege der Einsamkeit entfliehen?&#8220; icon_color=&#8220;#31549c&#8220;]<\/p>\n<p>Auf jeden Fall, denn die sozialen Kontakte einer Tagespflege kann man Ihnen zu Hause nicht bieten. Die G\u00e4ste in unserer Tagespflege fr\u00fchst\u00fccken gemeinsam, besch\u00e4ftigen sich in Gruppen, basteln, und spielen zusammen. Gemeinsame Spazierg\u00e4nge und viele weitere Aktivit\u00e4ten geh\u00f6ren zum t\u00e4glichen Programm. F\u00fcr viele ist die Tagespflege wie eine gro\u00dfe Familie.<\/p>\n<p>[\/et_pb_toggle][et_pb_toggle _builder_version=&#8220;3.19.17&#8243; title=&#8220;Wie kann ich meine Angeh\u00f6rigen entlasten?&#8220; icon_color=&#8220;#31549c&#8220;]<\/p>\n<div class=\"et_pb_toggle_content clearfix\">\n<p>Pflegende Angeh\u00f6rige sind oft viele Jahre einer Doppelbelastung ausgesetzt. Sie m\u00fcssen ihr eigenes Leben organisieren und tragen zus\u00e4tzliche Verantwortung f\u00fcr Sie. Verst\u00e4ndlich, Sie und auch Ihre Angeh\u00f6rigen m\u00f6chten, dass Sie \u00a0so lang wie m\u00f6glich zu Hause leben k\u00f6nnen. \u00a0Wenn sich jedoch Beeintr\u00e4chtigungen einstellen, kann es einem alles \u201ezu viel\u201c werden.<\/p>\n<p>Unsere Tagespflege entlastet Sie und Ihre Angeh\u00f6rigen. Sie k\u00f6nnen weiterhin in Ihrem gewohnten Umfeld leben und sich tags\u00fcber an Gemeinschaft und Betreuung erfreuen. So kann man mit ein bis zwei Tagen in der Woche seinen Angeh\u00f6rigen etwas Entlastung erm\u00f6glichen.<\/p>\n<\/div>\n<p>[\/et_pb_toggle][et_pb_toggle _builder_version=&#8220;3.19.17&#8243; title=&#8220;Ist die Tagespflege f\u00fcr mich geeignet?&#8220; icon_color=&#8220;#31549c&#8220;]<\/p>\n<div class=\"et_pb_toggle_content clearfix\">\n<p>So lang wie m\u00f6glich zu Hause leben \u2013 wer w\u00fcnscht sich das nicht? Wenn sich jedoch Beeintr\u00e4chtigungen einstellen, kann es einem alles \u201ezu viel\u201c werden. Unsere Tagespflege entlastet Sie. Sie k\u00f6nnen weiterhin in Ihrem gewohnten Umfeld leben und sich tags\u00fcber an Gemeinschaft und Betreuung erfreuen \u2013 in der Tagespflege \u201eAm Alten Amtsgericht\u201c, Ihrem zweiten Zuhause.<\/p>\n<p>Auch wenn Sie schon ein wenig \u00e4lter sind und hin und wieder mit Altersbeschwerden zu k\u00e4mpfen haben, bietet sich die Tagespflege f\u00fcr Sie an.<\/p>\n<p>Haben Sie gerade einen Krankenhausaufenthalt hinter sich und ben\u00f6tigen weitere Rehabilitation? Oder sind Sie alleinstehend und f\u00fchlen sich einsam?<\/p>\n<\/div>\n<p>[\/et_pb_toggle][et_pb_toggle _builder_version=&#8220;3.19.17&#8243; title=&#8220;Wie ist mein Tagesablauf?&#8220; icon_color=&#8220;#31549c&#8220;]<\/p>\n<div class=\"et_pb_toggle_content clearfix\">\n<p>Struktur gibt dem Menschen Sicherheit, soll jedoch unserer G\u00e4ste nicht einschr\u00e4nken.<\/p>\n<p>In unserer Tagespflege bieten wir unseren\u00a0 G\u00e4sten die M\u00f6glichkeit freiwillig an unseren Angeboten teilzunehmen, welche sich\u00a0 nach den Bed\u00fcrfnissen, W\u00fcnschen und F\u00e4higkeiten unserer Pflegeg\u00e4ste richten und variabel sind.<\/p>\n<p>Wir sind bestrebt, in geselliger Atmosph\u00e4re Freude und Abwechslung in den Alltag unserer Besucher zu bringen und begegnen ihnen stets aufmerksam und mit gr\u00f6\u00dftem Respekt.<\/p>\n<p><strong>Beispielhafter Tagesablauf in unserer Tagespflege \u201eAm Alten Amtsgericht\u201c:<\/strong><\/p>\n<ul>\n<li>07.30 Uhr: Abholdienst<\/li>\n<li>08.00 Uhr: Eintreffen &amp; Begr\u00fc\u00dfung der G\u00e4ste<\/li>\n<li>08.15 Uhr: Gemeinsames Fr\u00fchst\u00fcck, Gespr\u00e4che<\/li>\n<\/ul>\n<p>Vormittag:\u00a0 Morgengymnastik, erg\u00e4nzendes Besch\u00e4ftigungsangebot, Spiele, Gespr\u00e4chsgruppen, Spaziergang oder andere Gruppenangebote<\/p>\n<ul>\n<li>11.00 Uhr: Kochvorbereitungen f\u00fcr Interessierte<\/li>\n<li>12.00 Uhr: Tisch eindecken<\/li>\n<li>12.15 Uhr: Gemeinsames Mittagessen<\/li>\n<li>13.00 Uhr: Mittagsruhe,\u00a0\u00a0 Wer m\u00f6chte, kann im Ruhesessel schlafen, lesen oder entspannen<\/li>\n<li>14.30 Uhr: Gemeinsames Kaffeetrinken<\/li>\n<\/ul>\n<p>Nachmittag: \u00a0Besch\u00e4ftigungsangebot, Spiele, Gespr\u00e4chsgruppen, Spaziergang oder andere Gruppenangebote, Passive Besch\u00e4ftigung<\/p>\n<ul>\n<li>15.30 Uhr: Vorbereitung f\u00fcr den Heimweg<\/li>\n<li>16.00 Uhr: Tagespflegeg\u00e4ste werden nach Hause gebracht<\/li>\n<\/ul>\n<\/div>\n<p>[\/et_pb_toggle][et_pb_toggle _builder_version=&#8220;3.19.17&#8243; title=&#8220;Was erwartet mich dort?&#8220; icon_color=&#8220;#31549c&#8220;]<\/p>\n<div class=\"et_pb_toggle_content clearfix\">\n<div class=\"et_pb_toggle_content clearfix\">\n<p>In unserer Tagespflege erwarten Sie wohnliche R\u00e4ume, ein hilfsbereites verst\u00e4ndnisvolles Team aber auch nette Mitbewohner. Es erwarten Sie\u00a0 gemeinsame Mahlzeiten und gemeinsame Aktivit\u00e4ten, nette Gespr\u00e4che, eben ein tolles Miteinander.\u00a0 F\u00fcr viele ist die Tagespflege wie eine gro\u00dfe Familie.<\/p>\n<p>Viele unserer G\u00e4ste freuen sich auf Besch\u00e4ftigung zu bestimmten Themen, aber auch die t\u00e4gliche Zeitungsschau, Vorlesen von Kurzgeschichten,\u00a0 Brett-, Karten- und Gesellschaftsspiele, Singen, Tanzen und Musik h\u00f6ren, Basteln, Kreuzwortr\u00e4tsel, Sudoku geh\u00f6ren je nach Interesse zu den m\u00f6glichen Angeboten. Manche unserer G\u00e4ste freuen sich auf hauswirtschaftliche T\u00e4tigkeiten, wie Obst und Gem\u00fcse zubereiten, Abwaschen, Tische ein- und abdecken, W\u00e4sche aufh\u00e4ngen und zusammenlegen.\u00a0 Auch leichte sportliche Aktivit\u00e4ten geh\u00f6ren in den Tagesablauf.<\/p>\n<\/div>\n<\/div>\n<p>[\/et_pb_toggle][\/et_pb_column][et_pb_column type=&#8220;1_2&#8243;][et_pb_toggle _builder_version=&#8220;3.19.17&#8243; title=&#8220;F\u00fchle ich mich dort wohl? Sieht das aus wie in einem Krankenhaus?&#8220; icon_color=&#8220;#31549c&#8220;]<\/p>\n<p>Zwar ist unsere Einrichtung rollstuhlgerecht und ist auf die Erfordernisse einer Tagespflege eingerichtet, hat jedoch mit einem Krankenhaus nichts zu tun. Die R\u00e4ume sind eher einer Wohnung bzw. eines Hotels \u00e4hnlich. Wir verf\u00fcgen \u00fcber Gruppen-, Aufenthalts- und Therapier\u00e4ume, einen Ruheraum und einen Gemeinschaftsraum mit integrierter K\u00fcche. Die Gruppenr\u00e4ume sind mit gem\u00fctlichen Sesseln ausgestattet. Es ist au\u00dferdem eine Terrasse zum Erholen im Freien vorhanden.<\/p>\n<p>[\/et_pb_toggle][et_pb_toggle _builder_version=&#8220;3.19.17&#8243; title=&#8220;Gibt es einen Fahrdienst?&#8220; icon_color=&#8220;#31549c&#8220;]<\/p>\n<p>Unsere G\u00e4ste werden von einem qualifizierten Fahrdienst abgeholt und wieder nach Hause gebracht.<\/p>\n<p>[\/et_pb_toggle][et_pb_toggle _builder_version=&#8220;3.19.17&#8243; title=&#8220;Kann ich mir das anschauen?&#8220; icon_color=&#8220;#31549c&#8220;]<\/p>\n<p>In unserer Tagespflege \u201cAm Alten Amtsgericht\u201d finden regelm\u00e4\u00dfig ein \u201eTag der offenen T\u00fcr\u201c statt. Interessierte und pflegende Angeh\u00f6rige k\u00f6nnen aber auch jederzeit im Rahmen einer kostenlosen Beratung die Einrichtung besuchen. Informieren Sie sich dort \u00fcber die Arbeit unserer Tagespflege, deren Finanzierung oder holen Sie weitere Ideen zu weiteren Pflegethemen ein.<\/p>\n<p>[\/et_pb_toggle][et_pb_toggle _builder_version=&#8220;3.19.17&#8243; title=&#8220;Ist f\u00fcr mich ein Probebesuch m\u00f6glich?&#8220; icon_color=&#8220;#31549c&#8220;]<\/p>\n<div class=\"et_pb_toggle_content clearfix\">\n<p>Viele Betroffene und ihre Angeh\u00f6rigen sind sich unsicher, was eine Tagespflege eigentlich leistet. Lassen Sie sich von der Tagespflege \u201eAm Alten Amtsgericht\u201c \u00a0\u00fcberzeugen und lernen Sie uns kennen \u2013 kostenlos und unverbindlich. \u00a0<\/p>\n<p>Mit einem kurzen Anruf k\u00f6nnen Sie Ihren pers\u00f6nlichen Probetag vereinbaren und unser Angebot einen Tag lang ausprobieren \u2013 nat\u00fcrlich inkl. Fahrdienst. F\u00fcr Ihren Tag zum Ausprobieren entstehen Ihnen keinerlei Kosten und Sie haben uns nichts versprochen. \u00a0<\/p>\n<p>Wir freuen uns, Sie kennen zu lernen.<\/p>\n<\/div>\n<p>[\/et_pb_toggle][et_pb_toggle _builder_version=&#8220;3.19.17&#8243; title=&#8220;Wie bin ich in der Einrichtung erreichbar?&#8220; icon_color=&#8220;#31549c&#8220;]<\/p>\n<p>Sie sind f\u00fcr Ihre Angeh\u00f6rigen telefonisch erreichbar.<\/p>\n<p>[\/et_pb_toggle][\/et_pb_column][\/et_pb_row][et_pb_row][et_pb_column type=&#8220;4_4&#8243;][et_pb_divider _builder_version=&#8220;3.19.17&#8243; \/][\/et_pb_column][\/et_pb_row][et_pb_row _builder_version=&#8220;3.19.17&#8243; make_equal=&#8220;on&#8220; custom_margin=&#8220;10px||0px|&#8220; custom_padding=&#8220;10px||0px|&#8220;][et_pb_column type=&#8220;4_4&#8243;][et_pb_text admin_label=&#8220;Text &#8211; H\u00c4UFIG GESTELLTE FRAGEN Familie&#8220; _builder_version=&#8220;3.19.17&#8243; text_font_size=&#8220;16px&#8220;]<\/p>\n<h1>H\u00c4UFIG GESTELLTE FRAGEN <u>VON ANGEH\u00d6RIGEN UND FAMILIE<\/u><\/h1>\n<p>[\/et_pb_text][\/et_pb_column][\/et_pb_row][et_pb_row][et_pb_column type=&#8220;1_2&#8243;][et_pb_toggle _builder_version=&#8220;3.19.17&#8243; title=&#8220;Was ist das Konzept der Tagespflege?&#8220; icon_color=&#8220;#31549c&#8220;]<\/p>\n<div class=\"et_pb_toggle_content clearfix\">\n<p>Das Konzept unserer Tagespflege ist, eine famili\u00e4re Pflegesituation mit ausreichend Freir\u00e4umen zu schaffen, so dass jeder Einzelne gut versorgt ist. Auf diese Weise soll die Lebensqualit\u00e4t gesichert werden.<\/p>\n<p>Die Tagespflege bietet die M\u00f6glichkeit einer ganzt\u00e4gigen Betreuung von Montag bis Freitag. In der Regel umfasst das Angebot die grundlegende Pflege, au\u00dferdem wird Verpflegung angeboten. Sofern notwendig werden auch Sprach-, Geh- und Bewegungs\u00fcbungen absolviert.<\/p>\n<p>Au\u00dferdem werden verschiedene Aktivit\u00e4ten angeboten, wie Gesellschaftsspiele, Lesungen, Spazierg\u00e4nge, Musik usw. \u00a0Das Konzept der Tagespflege gliedert sich zwischen der h\u00e4uslichen Versorgung und einer station\u00e4ren Pflege in einem Alten- oder Pflegeheim ein.<\/p>\n<\/div>\n<p>[\/et_pb_toggle][et_pb_toggle _builder_version=&#8220;3.19.17&#8243; title=&#8220;Welche Entlastung ergibt sich f\u00fcr uns als pflegende Angeh\u00f6rige?&#8220; icon_color=&#8220;#31549c&#8220;]<\/p>\n<div class=\"et_pb_toggle_content clearfix\">\n<p>Einfach mal durchatmen, das m\u00f6chte die Tagespflege \u201eAm Alten Amtsgericht\u201c Burgst\u00e4dt \u00a0allen Menschen erm\u00f6glichen, die einen Angeh\u00f6rigen zu Hause pflegen. Immer mehr pflegende Angeh\u00f6rige nehmen die Tagespflege regelm\u00e4\u00dfig in Anspruch, um sich selbst zu entlasten oder zum Beispiel wieder ins Berufsleben einsteigen zu k\u00f6nnen.<\/p>\n<p>Als pflegende Angeh\u00f6rige sind Sie oft viele Jahre einer Doppelbelastung ausgesetzt. Sie m\u00fcssen ihr eigenes Leben organisieren und zus\u00e4tzliche Verantwortung f\u00fcr Ihren Pflegebed\u00fcrftigen tragen. Mit Hilfe der Tagespflege k\u00f6nnen Sie regelm\u00e4\u00dfig Zeit f\u00fcr Ihre eigenen Aufgaben und Bed\u00fcrfnisse finden, ohne dabei Ihren Angeh\u00f6rigen zu vernachl\u00e4ssigen.<\/p>\n<\/div>\n<p>[\/et_pb_toggle][et_pb_toggle _builder_version=&#8220;3.19.17&#8243; title=&#8220;Wie ist der Tagesablauf in der Tagespflege \u201eAm Alten Amtsgericht\u201c?&#8220; icon_color=&#8220;#31549c&#8220;]<\/p>\n<div class=\"et_pb_toggle_content clearfix\">\n<p>Struktur gibt dem Menschen Sicherheit, soll jedoch unserer G\u00e4ste nicht einschr\u00e4nken.<\/p>\n<p>In unserer Tagespflege bieten wir unseren\u00a0 G\u00e4sten die M\u00f6glichkeit freiwillig an unseren Angeboten teilzunehmen, welche sich\u00a0 nach den Bed\u00fcrfnissen, W\u00fcnschen und F\u00e4higkeiten unserer Pflegeg\u00e4ste richten und variabel sind.<\/p>\n<p>Wir sind bestrebt, in geselliger Atmosph\u00e4re Freude und Abwechslung in den Alltag unserer Besucher zu bringen und begegnen ihnen stets aufmerksam und mit gr\u00f6\u00dftem Respekt.<\/p>\n<p><strong>Beispielhafter Tagesablauf in unserer Tagespflege \u201eAm Alten Amtsgericht\u201c:<\/strong><\/p>\n<ul>\n<li>07.30 Uhr: Abholdienst<\/li>\n<li>08.00 Uhr: Eintreffen &amp; Begr\u00fc\u00dfung der G\u00e4ste<\/li>\n<li>08.15 Uhr: Gemeinsames Fr\u00fchst\u00fcck, Gespr\u00e4che<\/li>\n<\/ul>\n<p>Vormittag:\u00a0 Morgengymnastik, erg\u00e4nzendes Besch\u00e4ftigungsangebot, Spiele, Gespr\u00e4chsgruppen, Spaziergang oder andere Gruppenangebote<\/p>\n<ul>\n<li>11.00 Uhr: Kochvorbereitungen f\u00fcr Interessierte<\/li>\n<li>12.00 Uhr: Tisch eindecken<\/li>\n<li>12.15 Uhr: Gemeinsames Mittagessen<\/li>\n<li>13.00 Uhr: Mittagsruhe,\u00a0\u00a0 Wer m\u00f6chte, kann im Ruhesessel schlafen, lesen oder entspannen<\/li>\n<li>14.30 Uhr: Gemeinsames Kaffeetrinken<\/li>\n<\/ul>\n<p>Nachmittag: \u00a0Besch\u00e4ftigungsangebot, Spiele, Gespr\u00e4chsgruppen, Spaziergang oder andere Gruppenangebote, Passive Besch\u00e4ftigung<\/p>\n<ul>\n<li>15.30 Uhr: Vorbereitung f\u00fcr den Heimweg<\/li>\n<li>16.00 Uhr: Tagespflegeg\u00e4ste werden nach Hause gebracht<\/li>\n<\/ul>\n<\/div>\n<p>[\/et_pb_toggle][et_pb_toggle _builder_version=&#8220;3.19.17&#8243; title=&#8220;Ist die Tagespflege f\u00fcr unseren Angeh\u00f6rigen geeignet?&#8220; icon_color=&#8220;#31549c&#8220;]<\/p>\n<div class=\"et_pb_toggle_content clearfix\">\n<p>So lang wie m\u00f6glich zu Hause leben \u2013 wer w\u00fcnscht sich das nicht? Wenn sich jedoch Beeintr\u00e4chtigungen einstellen, kann es einem alles \u201ezu viel\u201c werden. Unsere Tagespflege entlastet Sie und Ihre Angeh\u00f6rigen. Die zu betreuende Person kann weiterhin in Ihrem gewohnten Umfeld leben und sich tags\u00fcber an Gemeinschaft und Betreuung erfreuen \u2013 in der Tagespflege \u201eAm Alten Amtsgericht\u201c.<\/p>\n<p>Ihr Angeh\u00f6riger kann nicht mehr alleine leben, Sie m\u00f6chten ihn aber weder in ein Alten- oder Pflegeheim geben? \u00a0Sie betreuen Ihren Angeh\u00f6rigen, der in seiner eigenen Wohnung, es gibt aber regelm\u00e4\u00dfige Tage, an denen Sie sich nicht ausreichend k\u00fcmmern k\u00f6nnen? Ihr Angeh\u00f6riger lebt noch alleine und Sie versorgen ihn nach Ihrer eigenen Arbeit, w\u00e4hrend er\u00a0 tags\u00fcber\u00a0 1-2 Mal von einem ambulanten Pflegedienst besucht wird? Die Pflege ist sehr anstrengend und Sie brauchen ab und zu Zeit f\u00fcr sich, auch Ihre eigene Gesundheit zu schonen?<\/p>\n<p>In all diesen F\u00e4llen ist das Konzept der Tagespflege passend.<\/p>\n<\/div>\n<p>[\/et_pb_toggle][et_pb_toggle _builder_version=&#8220;3.19.17&#8243; title=&#8220;Wie ist die Ausstattung der Tagespflege?&#8220; icon_color=&#8220;#31549c&#8220;]<\/p>\n<p>Zwar ist unsere Einrichtung rollstuhlgerecht und ist auf die Erfordernisse einer Tagespflege eingerichtet, hat jedoch mit einem Krankenhaus nichts zu tun. Die R\u00e4ume sind eher einer Wohnung bzw. eines Hotels \u00e4hnlich. Wir verf\u00fcgen \u00fcber Gruppen-, Aufenthalts- und Therapier\u00e4ume, einen Ruheraum und einen Gemeinschaftsraum mit integrierter K\u00fcche. Die Gruppenr\u00e4ume sind mit gem\u00fctlichen Sesseln ausgestattet. Es ist au\u00dferdem eine Terrasse zum Erholen im Freien vorhanden.<\/p>\n<p>[\/et_pb_toggle][et_pb_toggle _builder_version=&#8220;3.19.17&#8243; title=&#8220;Welche Beratungsm\u00f6glichkeiten gibt es?&#8220; icon_color=&#8220;#31549c&#8220;]<\/p>\n<div class=\"et_pb_toggle_content clearfix\">\n<p>Wir wissen, wie wichtig Beratung der Pflegebed\u00fcrftigen und deren Angeh\u00f6rigen ist. Pflege geschieht stets individuell, genau wie W\u00fcnsche und Bed\u00fcrfnisse eines jeden Menschen individuell sind.<\/p>\n<p>Wir beraten Sie allumfassend, unter anderem zu folgenden Themen:<\/p>\n<ul>\n<li>Beantragung einer Pflegestufe bei der zust\u00e4ndigen Pflegekasse<\/li>\n<li>Stellen eines Verschlechterungsantrags bei der zust\u00e4ndigen Pflegekasse<\/li>\n<li>H\u00e4usliche Betreuung f\u00fcr Menschen mit Demenz<\/li>\n<li>Beantragung zus\u00e4tzlicher Betreuungsleistungen<\/li>\n<li>Finanzierung der Leistungen<\/li>\n<li>Finanzielle Leistungen der Pflegekassen<\/li>\n<li>Hilfs- und Unterst\u00fctzungsangebote f\u00fcr pflegende Angeh\u00f6rige<\/li>\n<li>Beratung zur Verhinderungspflege\/Ersatzpflege<\/li>\n<li>Weitere Themen<\/li>\n<\/ul>\n<\/div>\n<p>[\/et_pb_toggle][\/et_pb_column][et_pb_column type=&#8220;1_2&#8243;][et_pb_toggle _builder_version=&#8220;3.19.17&#8243; title=&#8220;Was kostet uns das?&#8220; icon_color=&#8220;#31549c&#8220;]<\/p>\n<p>\u00dcber die Pflegeversicherung l\u00e4sst sich die Leistung Tagespflege zu gro\u00dfen Teilen finanzieren. Bitte sprechen Sie uns an, wer beraten Sie gerne und machen Ihnen einen unverbindlichen Kostenvoranschlag.<\/p>\n<p>F\u00fcr den Besuch unserer Tagespflege wird von den Pflegekassen ein\u00a0 Tagessatz berechnet. Dieser richtet sich nach der jeweiligen Pflegestufe. Er setzt sich zusammen aus:<\/p>\n<ol>\n<li>den pflegebedingten Kosten<\/li>\n<li>den Fahrtkosten<\/li>\n<li>den Kosten f\u00fcr Unterkunft und Verpflegung<\/li>\n<li>den Investitionskosten<\/li>\n<\/ol>\n<p><strong>Die pflegebedingten Kosten<br \/><\/strong>An den durch die Pflege anfallenden Kosten, den sogenannten Pflegekosten, und den Fahrtkosten beteiligen sich die Pflegekassen bis zur Obergrenze der jeweils bewilligten Pflegestufe.<\/p>\n<p>Die Kosten der Tagespflege werden ab Pflegestufe 1\u00a0 von den Pflegekassen \u00fcbernommen. Die sogenannte \u201e150 % Regelung\u201c erm\u00f6glicht Ihnen bei bestimmten Voraussetzungen eine Tagespflege ohne zus\u00e4tzliche Kosten. Pflegende Angeh\u00f6rige haben einen Anspruch ohne K\u00fcrzung des Pflegegelds.<\/p>\n<p>Reichen die Leistungen der Pflegekasse nicht aus, um die Tagespflege komplett zu finanzieren, werden die restlichen Kosten von den Tagesg\u00e4sten selbst gezahlt oder k\u00f6nnen unter bestimmten Voraussetzungen auf Antrag vom Sozialamt \u00fcbernommen werden. Reichen die Leistungen der Pflegeversicherung, der bewohnerorientierte Aufwendungszuschuss, das Betreuungsgeld sowie Ihr Einkommen und Verm\u00f6gen nicht aus, um die Leistungen der Tagespflege vollst\u00e4ndig zu finanzieren, ist eine Kontaktaufnahme zum Sozialamt in jedem Fall ratsam. M\u00f6glicherweise haben Sie einen Anspruch auf Leistungen der Hilfe zur Pflege.<\/p>\n<p><strong>Die Kosten f\u00fcr Unterkunft und Verpflegung<br \/><\/strong>Diese Kosten sind vom Gast selbst zu tragen. Gegebenenfalls \u00fcbernimmt diese der Sozialhilfetr\u00e4ger oder sie k\u00f6nnen \u00fcber die Leistungen der Pflegekasse f\u00fcr Menschen mit einem zus\u00e4tzlichen Betreuungsbedarf nach \u00a7 45b SGB XI bestritten werden.<\/p>\n<p><strong>Die Fahrtkosten und die Investitionskosten<br \/><\/strong>Diese sind vom Gast selbst zu tragen.<\/p>\n<p><strong>Haben Sie Fragen? Wir helfen Ihnen gerne weiter!<\/strong><\/p>\n<p>[\/et_pb_toggle][et_pb_toggle _builder_version=&#8220;3.19.17&#8243; title=&#8220;Gibt es einen Fahrdienst?&#8220; icon_color=&#8220;#31549c&#8220;]<\/p>\n<p>Unsere G\u00e4ste werden von einem qualifizierten Fahrdienst abgeholt und wieder nach Hause gebracht.<\/p>\n<p>[\/et_pb_toggle][et_pb_toggle _builder_version=&#8220;3.19.17&#8243; title=&#8220;Ist ein Testbesuch in der Tagespflegeinrichtung m\u00f6glich?&#8220; icon_color=&#8220;#31549c&#8220;]<\/p>\n<div class=\"et_pb_toggle_content clearfix\">\n<p>Viele Betroffene und ihre Angeh\u00f6rigen sind sich unsicher, was eine Tagespflege eigentlich leistet. Lassen Sie sich von der Tagespflege \u201eAm Alten Amtsgericht\u201c \u00a0\u00fcberzeugen und lernen Sie uns kennen \u2013 kostenlos und unverbindlich. \u00a0<\/p>\n<p>Mit einem kurzen Anruf k\u00f6nnen Sie Ihren pers\u00f6nlichen Probetag vereinbaren und unser Angebot einen Tag lang ausprobieren \u2013 nat\u00fcrlich inkl. Fahrdienst. F\u00fcr Ihren Tag zum Ausprobieren entstehen Ihnen keinerlei Kosten und Sie haben uns nichts versprochen. \u00a0<\/p>\n<p>Wir freuen uns, Sie kennen zu lernen.<\/p>\n<\/div>\n<p>[\/et_pb_toggle][et_pb_toggle _builder_version=&#8220;3.19.17&#8243; title=&#8220;K\u00f6nnen wir uns die Tagespflege zusammen mit unserem Angeh\u00f6rigen anschauen?&#8220; icon_color=&#8220;#31549c&#8220;]<\/p>\n<p>In unserer Tagespflege \u201cAm Alten Amtsgericht\u201d finden regelm\u00e4\u00dfig ein \u201eTag der offenen T\u00fcr\u201c statt. Interessierte und pflegende Angeh\u00f6rige k\u00f6nnen aber auch jederzeit im Rahmen einer kostenlosen Beratung die Einrichtung besuchen. Informieren Sie sich dort \u00fcber die Arbeit unserer Tagespflege, deren Finanzierung oder holen Sie weitere Ideen zu weiteren Pflegethemen ein.<\/p>\n<p>[\/et_pb_toggle][et_pb_toggle _builder_version=&#8220;3.19.17&#8243; title=&#8220;Ist unser Angeh\u00f6riger in der Einrichtung erreichbar?&#8220; icon_color=&#8220;#31549c&#8220;]<\/p>\n<div class=\"et_pb_toggle_content clearfix\">\n<p>Ihr Angeh\u00f6riger ist telefonisch erreichbar.<\/p>\n<p>Wir bieten aber noch mehr:\u00a0 Ein einmaliger \u00a0Service der Tagespflege \u201eAm Alten Amtsgericht\u201c\u00a0 bieten wir den Angeh\u00f6rigen unserer G\u00e4ste die M\u00f6glichkeit einen kleinen liebevollen Brief zu schreiben.\u00a0 F\u00fcllen Sie einfach das Formular aus und wir \u00fcbergeben Ihre Gr\u00fc\u00dfe oder lesen Ihrem Angeh\u00f6rigen diese vor.<\/p>\n<ul>\n<li><a href=\"http:\/\/tagespflege-wirtz.de\/asfd845qaw3\/kontakt\/ihr-lieber-gruss\/\">Zum Formular<\/a><\/li>\n<\/ul>\n<\/div>\n<p>[\/et_pb_toggle][\/et_pb_column][\/et_pb_row][et_pb_row][et_pb_column type=&#8220;1_6&#8243;][et_pb_button admin_label=&#8220;Taste &#8211; Kontakt&#8220; _builder_version=&#8220;3.19.17&#8243; button_text=&#8220;Kontakt&#8220; custom_button=&#8220;on&#8220; button_bg_color=&#8220;#d8d9d9&#8243; button_icon=&#8220;%%20%%&#8220; button_icon_placement=&#8220;left&#8220; button_on_hover=&#8220;off&#8220; button_url=&#8220;http:\/\/tagespflege-wirtz.de\/asfd845qaw3\/kontakt\/&#8220; \/][\/et_pb_column][et_pb_column type=&#8220;1_6&#8243;][et_pb_button admin_label=&#8220;Taste &#8211; Anrufen&#8220; _builder_version=&#8220;3.19.17&#8243; button_text=&#8220;Anrufen&#8220; custom_button=&#8220;on&#8220; button_bg_color=&#8220;#d8d9d9&#8243; button_icon=&#8220;%%20%%&#8220; button_icon_placement=&#8220;left&#8220; button_on_hover=&#8220;off&#8220; button_url=&#8220;tel:+4937248479933&#8243; \/][\/et_pb_column][et_pb_column type=&#8220;1_6&#8243;][\/et_pb_column][et_pb_column type=&#8220;1_6&#8243;][\/et_pb_column][et_pb_column type=&#8220;1_6&#8243;][\/et_pb_column][et_pb_column type=&#8220;1_6&#8243;][\/et_pb_column][\/et_pb_row][et_pb_row _builder_version=&#8220;3.19.17&#8243; make_equal=&#8220;on&#8220; custom_margin=&#8220;||0px|&#8220; custom_padding=&#8220;||0px|&#8220; disabled=&#8220;on&#8220; disabled_on=&#8220;on|on|on&#8220;][et_pb_column type=&#8220;1_2&#8243;][et_pb_button admin_label=&#8220;Taste &#8211; H\u00e4ufigste Fragen unserer G\u00e4ste&#8220; _builder_version=&#8220;3.19.17&#8243; button_text=&#8220;H\u00e4ufigste Fragen unserer G\u00e4ste&#8220; custom_button=&#8220;on&#8220; button_bg_color=&#8220;#d8d9d9&#8243; button_icon=&#8220;%%20%%&#8220; button_icon_placement=&#8220;left&#8220; button_on_hover=&#8220;off&#8220; button_url=&#8220;http:\/\/tagespflege-wirtz.de\/asfd845qaw3\/haeufige-fragen\/fuer-gaeste&#8220; \/][\/et_pb_column][et_pb_column type=&#8220;1_2&#8243;][et_pb_button admin_label=&#8220;Taste &#8211; H\u00e4ufigste Fragen der Angeh\u00f6rigen und der Familie&#8220; _builder_version=&#8220;3.19.17&#8243; button_text=&#8220;H\u00e4ufigste Fragen der Angeh\u00f6rigen und der Familie&#8220; custom_button=&#8220;on&#8220; button_bg_color=&#8220;#d8d9d9&#8243; button_icon=&#8220;%%20%%&#8220; button_icon_placement=&#8220;left&#8220; button_on_hover=&#8220;off&#8220; button_url=&#8220;http:\/\/tagespflege-wirtz.de\/asfd845qaw3\/haeufige-fragen\/fuer-angehoerige-und-familie&#8220; \/][\/et_pb_column][\/et_pb_row][\/et_pb_section][et_pb_section bb_built=&#8220;1&#8243; specialty=&#8220;off&#8220; prev_background_color=&#8220;#f4e4a6&#8243; _builder_version=&#8220;3.19.17&#8243; custom_margin=&#8220;0px||0px|&#8220; background_color=&#8220;#d8d9d9&#8243; custom_padding=&#8220;0px||0px|&#8220; box_shadow_style=&#8220;preset3&#8243; global_module=&#8220;69605&#8243;][et_pb_row global_parent=&#8220;69605&#8243; _builder_version=&#8220;3.19.17&#8243; custom_margin=&#8220;0px|||&#8220; custom_padding=&#8220;20px|||&#8220;][et_pb_column type=&#8220;1_4&#8243;][et_pb_image admin_label=&#8220;Bild &#8211; Haus_Tagespflege-Wirtz.png&#8220; global_parent=&#8220;69605&#8243; _builder_version=&#8220;3.19.17&#8243; src=&#8220;http:\/\/tagespflege-wirtz.de\/asfd845qaw3\/wp-content\/uploads\/2019\/03\/Haus_Tagespflege-Wirtz.png&#8220; align=&#8220;center&#8220; force_fullwidth=&#8220;on&#8220; custom_margin=&#8220;0px||0px|&#8220; custom_padding=&#8220;0px||0px|&#8220; \/][et_pb_image admin_label=&#8220;Bild &#8211; Menue_mein_zweites_Zuhause.png&#8220; global_parent=&#8220;69605&#8243; _builder_version=&#8220;3.19.17&#8243; src=&#8220;http:\/\/tagespflege-wirtz.de\/asfd845qaw3\/wp-content\/uploads\/2021\/02\/Menue_mein_zweites_Zuhause_v2.png&#8220; force_fullwidth=&#8220;on&#8220; custom_margin=&#8220;0px||0px|&#8220; custom_padding=&#8220;0px|||&#8220; \/][et_pb_text admin_label=&#8220;H1 &#8211; HG blau &#8211; 14pt &#8211; Mein zweites Zuhause&#8220; global_parent=&#8220;69605&#8243; _builder_version=&#8220;3.19.17&#8243; background_color=&#8220;#31549c&#8220; text_font=&#8220;|||on|||||&#8220; text_orientation=&#8220;center&#8220; background_layout=&#8220;dark&#8220; custom_padding=&#8220;10px||3px|&#8220; custom_margin=&#8220;||0px|&#8220; header_text_shadow_style=&#8220;preset1&#8243; box_shadow_style=&#8220;preset3&#8243; text_text_shadow_style=&#8220;preset1&#8243; header_font=&#8220;|||on|||||&#8220; header_text_align=&#8220;center&#8220; header_font_size=&#8220;18px&#8220;]<\/p>\n<h1>Mein zweites Zuhause<\/h1>\n<p>[\/et_pb_text][et_pb_text admin_label=&#8220;Text &#8211; HG wei\u00df &#8211; 12pt &#8211; So lang wie m\u00f6glich&#8230;&#8220; global_parent=&#8220;69605&#8243; _builder_version=&#8220;3.19.17&#8243; text_font_size=&#8220;12px&#8220; background_color=&#8220;#ffffff&#8220; custom_padding=&#8220;10px|10px|10px|10px&#8220; custom_margin=&#8220;0px|||&#8220; box_shadow_style=&#8220;preset3&#8243;]<\/p>\n<p>So lang wie m\u00f6glich Zuhause leben \u2013 wer w\u00fcnscht sich das nicht? Wenn sich jedoch Beeintr\u00e4chtigungen einstellen, kann es einem alles \u201ezu viel\u201c werden. Unsere Tagespflege entlastet Sie und Ihre Angeh\u00f6rigen.<br \/>Sie k\u00f6nnen weiterhin in Ihrem gewohnten Umfeld leben und sich tags\u00fcber an Gemeinschaft und Betreuung erfreuen \u2013 in der Tagespflege \u201eAm Alten Amtsgericht\u201c, Ihrem zweiten Zuhause.<\/p>\n<p>\u00a0<\/p>\n<ul>\n<li><a href=\"http:\/\/tagespflege-wirtz.de\/asfd845qaw3\/standorte\/burgstaedt\/\">WEITERLESEN<\/a><\/li>\n<li><a href=\"http:\/\/tagespflege-wirtz.de\/asfd845qaw3\/haeufige-fragen\/kosten\">FINANZIERUNG<\/a><\/li>\n<\/ul>\n<p>[\/et_pb_text][\/et_pb_column][et_pb_column type=&#8220;1_4&#8243;][et_pb_image admin_label=&#8220;Bild &#8211; Hacken_Tagespflege-Wirtz.png&#8220; global_parent=&#8220;69605&#8243; _builder_version=&#8220;3.19.17&#8243; src=&#8220;http:\/\/tagespflege-wirtz.de\/asfd845qaw3\/wp-content\/uploads\/2019\/03\/Hacken_Tagespflege-Wirtz.png&#8220; align=&#8220;center&#8220; force_fullwidth=&#8220;on&#8220; custom_margin=&#8220;0px||0px|&#8220; custom_padding=&#8220;0px||0px|&#8220; \/][et_pb_image admin_label=&#8220;Bild &#8211; Menue_Pflege_fuer_jedes_Alter.png&#8220; global_parent=&#8220;69605&#8243; _builder_version=&#8220;3.19.17&#8243; src=&#8220;http:\/\/tagespflege-wirtz.de\/asfd845qaw3\/wp-content\/uploads\/2021\/02\/Menue_Pflege_fuer_jedes_Alter_v2.png&#8220; force_fullwidth=&#8220;on&#8220; custom_margin=&#8220;0px||0px|&#8220; custom_padding=&#8220;0px|||&#8220; \/][et_pb_text admin_label=&#8220;H1 &#8211; HG blau &#8211; 14pt &#8211; Pflege f\u00fcr jedes Alter&#8220; global_parent=&#8220;69605&#8243; _builder_version=&#8220;3.19.17&#8243; background_color=&#8220;#31549c&#8220; text_font=&#8220;|||on|||||&#8220; text_orientation=&#8220;center&#8220; background_layout=&#8220;dark&#8220; custom_padding=&#8220;10px||3px|&#8220; custom_margin=&#8220;||0px|&#8220; header_text_shadow_style=&#8220;preset1&#8243; box_shadow_style=&#8220;preset3&#8243; text_text_shadow_style=&#8220;preset1&#8243; header_font=&#8220;|||on|||||&#8220; header_text_align=&#8220;center&#8220; header_font_size=&#8220;18px&#8220;]<\/p>\n<h1>Pflege f\u00fcr jedes Alter<\/h1>\n<p>[\/et_pb_text][et_pb_text admin_label=&#8220;Text &#8211; HG wei\u00df &#8211; 12pt &#8211; Wir betreuen pflege&#8230;&#8220; global_parent=&#8220;69605&#8243; _builder_version=&#8220;3.19.17&#8243; text_font_size=&#8220;12px&#8220; background_color=&#8220;#ffffff&#8220; custom_padding=&#8220;10px|10px|10px|10px&#8220; custom_margin=&#8220;0px|||&#8220; box_shadow_style=&#8220;preset3&#8243;]<\/p>\n<p>Wir betreuen pflegebed\u00fcrftige Menschen in jedem Alter.<\/p>\n<p>Das Zusammenleben mit anderen Menschen, die sich in gleichen oder \u00e4hnlichen Lebenssituationen befinden, unterst\u00fctzt und motiviert jeden einzelnen unserer G\u00e4ste. Gerade der Austausch der Generationen erweitert den Erfahrungsschatz und f\u00f6rdert die Sozialkompetenz.<\/p>\n<p>\u00a0<\/p>\n<ul>\n<li><a href=\"http:\/\/tagespflege-wirtz.de\/asfd845qaw3\/haeufige-fragen\/fuer-gaeste\/\">WEITERLESEN<\/a><\/li>\n<li><a href=\"http:\/\/tagespflege-wirtz.de\/asfd845qaw3\/galerie\/\">FOTOGALERIE<\/a><\/li>\n<\/ul>\n<p>[\/et_pb_text][\/et_pb_column][et_pb_column type=&#8220;1_4&#8243;][et_pb_image admin_label=&#8220;Bild &#8211; Smiley_Tagespflege-Wirtz.png&#8220; global_parent=&#8220;69605&#8243; _builder_version=&#8220;3.19.17&#8243; src=&#8220;http:\/\/tagespflege-wirtz.de\/asfd845qaw3\/wp-content\/uploads\/2019\/03\/Smiley_Tagespflege-Wirtz.png&#8220; align=&#8220;center&#8220; force_fullwidth=&#8220;on&#8220; custom_margin=&#8220;0px||0px|&#8220; custom_padding=&#8220;0px||0px|&#8220; \/][et_pb_image admin_label=&#8220;Bild &#8211; Menue_Beratung.png&#8220; global_parent=&#8220;69605&#8243; _builder_version=&#8220;3.19.17&#8243; src=&#8220;http:\/\/tagespflege-wirtz.de\/asfd845qaw3\/wp-content\/uploads\/2021\/02\/Menue_Beratung_v2.png&#8220; force_fullwidth=&#8220;on&#8220; custom_margin=&#8220;0px||0px|&#8220; custom_padding=&#8220;0px|||&#8220; \/][et_pb_text admin_label=&#8220;H1 &#8211; HG blau &#8211; 14pt &#8211; Beratung&#8220; global_parent=&#8220;69605&#8243; _builder_version=&#8220;3.19.17&#8243; background_color=&#8220;#31549c&#8220; text_font=&#8220;|||on|||||&#8220; text_orientation=&#8220;center&#8220; background_layout=&#8220;dark&#8220; custom_padding=&#8220;10px||3px|&#8220; custom_margin=&#8220;||0px|&#8220; header_text_shadow_style=&#8220;preset1&#8243; box_shadow_style=&#8220;preset3&#8243; text_text_shadow_style=&#8220;preset1&#8243; header_font=&#8220;|||on|||||&#8220; header_text_align=&#8220;center&#8220; header_font_size=&#8220;18px&#8220;]<\/p>\n<h1>Beratung<\/h1>\n<p>[\/et_pb_text][et_pb_text admin_label=&#8220;Text &#8211; HG wei\u00df &#8211; 12pt &#8211; Rund um das Thema&#8230;&#8220; global_parent=&#8220;69605&#8243; _builder_version=&#8220;3.19.17&#8243; text_font_size=&#8220;12px&#8220; background_color=&#8220;#ffffff&#8220; custom_padding=&#8220;10px|10px|10px|10px&#8220; custom_margin=&#8220;0px|||&#8220; box_shadow_style=&#8220;preset3&#8243;]<\/p>\n<p>Rund um das Thema Tagespflege gibt es viele Fragen. Gern nehmen wir uns f\u00fcr Sie Zeit und besprechen in Ruhe alle Sie interessierenden Themen.<\/p>\n<p>Wir kennen die Bed\u00fcrfnisse pflegebed\u00fcrftiger Menschen und haben selbstverst\u00e4ndlich ein Ohr f\u00fcr ihre Sorgen.<\/p>\n<p>\u00a0<\/p>\n<ul>\n<li><a href=\"http:\/\/tagespflege-wirtz.de\/asfd845qaw3\/haeufige-fragen\/\">H\u00c4UFIG GESTELLTE FRAGEN<\/a><\/li>\n<li><a href=\"http:\/\/tagespflege-wirtz.de\/asfd845qaw3\/haeufige-fragen\/kosten\">WER BEZAHLT DIE TAGESPFLEGE?<\/a><\/li>\n<\/ul>\n<p>[\/et_pb_text][\/et_pb_column][et_pb_column type=&#8220;1_4&#8243;][et_pb_image admin_label=&#8220;Bild &#8211; Telefon_Tagespflege-Wirtz.png&#8220; global_parent=&#8220;69605&#8243; _builder_version=&#8220;3.19.17&#8243; src=&#8220;http:\/\/tagespflege-wirtz.de\/asfd845qaw3\/wp-content\/uploads\/2019\/03\/Telefon_Tagespflege-Wirtz.png&#8220; align=&#8220;center&#8220; force_fullwidth=&#8220;on&#8220; custom_margin=&#8220;0px||0px|&#8220; custom_padding=&#8220;0px||0px|&#8220; \/][et_pb_image admin_label=&#8220;Bild &#8211; Menue_Erreichbarkeit.png&#8220; global_parent=&#8220;69605&#8243; _builder_version=&#8220;3.19.17&#8243; src=&#8220;http:\/\/tagespflege-wirtz.de\/asfd845qaw3\/wp-content\/uploads\/2021\/02\/Menue_Erreichbarkeit_v2.png&#8220; force_fullwidth=&#8220;on&#8220; custom_margin=&#8220;0px||0px|&#8220; custom_padding=&#8220;0px|||&#8220; \/][et_pb_text admin_label=&#8220;H1 &#8211; HG blau &#8211; 14pt &#8211; Erreichbarkeit&#8220; global_parent=&#8220;69605&#8243; _builder_version=&#8220;3.19.17&#8243; background_color=&#8220;#31549c&#8220; text_font=&#8220;|||on|||||&#8220; text_orientation=&#8220;center&#8220; background_layout=&#8220;dark&#8220; custom_padding=&#8220;10px||3px|&#8220; custom_margin=&#8220;||0px|&#8220; header_text_shadow_style=&#8220;preset1&#8243; box_shadow_style=&#8220;preset3&#8243; text_text_shadow_style=&#8220;preset1&#8243; header_font=&#8220;|||on|||||&#8220; header_text_align=&#8220;center&#8220; header_font_size=&#8220;18px&#8220;]<\/p>\n<h1>Erreichbarkeit<\/h1>\n<p>[\/et_pb_text][et_pb_text admin_label=&#8220;Text &#8211; HG wei\u00df &#8211; 12pt &#8211; \u00d6ffnungszeiten:&#8230;&#8220; global_parent=&#8220;69605&#8243; _builder_version=&#8220;3.19.17&#8243; text_font_size=&#8220;12px&#8220; background_color=&#8220;#ffffff&#8220; custom_padding=&#8220;10px|10px|10px|10px&#8220; custom_margin=&#8220;0px|||&#8220; box_shadow_style=&#8220;preset3&#8243;]<\/p>\n<p>\u00a0<\/p>\n<p><strong>\u00d6ffnungszeiten:<\/strong><br \/>Mo. bis Fr. 08.00 -16.30 Uhr<\/p>\n<p><strong>Beratung:<\/strong><br \/>Mo. bis Fr. 08.00 &#8211; 17.00 Uhr<br \/>und nach Vereinbarung<\/p>\n<p><strong>Telefon:<\/strong> 03724 . 847 99 33<br \/><strong>Handy: <\/strong>01525 . 5262033<\/p>\n<p><strong>Mail:<\/strong> <a href=\"mailto:info@tagespflege-burgstaedt.de\">info@tagespflege-burgstaedt.de<\/a><\/p>\n<p>\u00a0<\/p>\n<ul>\n<li><a href=\"http:\/\/tagespflege-wirtz.de\/asfd845qaw3\/kontakt\/\">KONTAKT AUFNEHMEN<\/a><\/li>\n<li><a href=\"https:\/\/www.google.com\/maps\/place\/Ahnataler+Pl.+1,+09217+Burgst%C3%A4dt\/@50.9182051,12.8090113,17z\/data=!3m1!4b1!4m5!3m4!1s0x47a73ee6d98762a9:0x36717958584ce136!8m2!3d50.9182051!4d12.8112\" target=\"_blank\" rel=\"noopener noreferrer\">STANDORT<\/a><\/li>\n<\/ul>\n<p>\u00a0<\/p>\n<p>[\/et_pb_text][\/et_pb_column][\/et_pb_row][\/et_pb_section]<\/p>\n","protected":false},"excerpt":{"rendered":"<p>[et_pb_section bb_built=&#8220;1&#8243; fullwidth=&#8220;on&#8220; specialty=&#8220;off&#8220; next_background_color=&#8220;#f4e4a6&#8243; _builder_version=&#8220;3.19.17&#8243; box_shadow_style=&#8220;preset3&#8243;][et_pb_fullwidth_image admin_label=&#8220;Volle Breite des Bildes &#8211; faq_Header.png&#8220; _builder_version=&#8220;3.19.17&#8243; src=&#8220;http:\/\/tagespflege-wirtz.de\/asfd845qaw3\/wp-content\/uploads\/2019\/05\/Header_Burgstaedt_Tagespflege_Burgstaedt.png&#8220; custom_margin=&#8220;20px||10px|&#8220; \/][\/et_pb_section][et_pb_section bb_built=&#8220;1&#8243; specialty=&#8220;off&#8220; prev_background_color=&#8220;#ffffff&#8220; _builder_version=&#8220;3.19.17&#8243; custom_margin=&#8220;0px||10px|&#8220; box_shadow_style=&#8220;preset3&#8243; background_color=&#8220;#f4e4a6&#8243; next_background_color=&#8220;#d8d9d9&#8243;][et_pb_row _builder_version=&#8220;3.19.17&#8243; make_equal=&#8220;on&#8220; custom_margin=&#8220;0px||0px|&#8220; custom_padding=&#8220;0px||0px|&#8220;][et_pb_column type=&#8220;4_4&#8243;][et_pb_text admin_label=&#8220;Text &#8211; H\u00c4UFIG GESTELLTE FRAGEN&#8220; _builder_version=&#8220;3.19.17&#8243; text_font_size=&#8220;16px&#8220;] H\u00c4UFIG GESTELLTE FRAGEN Rund um das Thema Tagespflege gibt es viele Fragen. Gern nehmen wir uns f\u00fcr Sie [&hellip;]<\/p>\n","protected":false},"author":1,"featured_media":0,"parent":0,"menu_order":0,"comment_status":"closed","ping_status":"closed","template":"","meta":{"_et_pb_use_builder":"on","_et_pb_old_content":"","footnotes":""},"class_list":["post-69233","page","type-page","status-publish","hentry"],"_links":{"self":[{"href":"http:\/\/tagespflege-wirtz.de\/asfd845qaw3\/wp-json\/wp\/v2\/pages\/69233"}],"collection":[{"href":"http:\/\/tagespflege-wirtz.de\/asfd845qaw3\/wp-json\/wp\/v2\/pages"}],"about":[{"href":"http:\/\/tagespflege-wirtz.de\/asfd845qaw3\/wp-json\/wp\/v2\/types\/page"}],"author":[{"embeddable":true,"href":"http:\/\/tagespflege-wirtz.de\/asfd845qaw3\/wp-json\/wp\/v2\/users\/1"}],"replies":[{"embeddable":true,"href":"http:\/\/tagespflege-wirtz.de\/asfd845qaw3\/wp-json\/wp\/v2\/comments?post=69233"}],"version-history":[{"count":26,"href":"http:\/\/tagespflege-wirtz.de\/asfd845qaw3\/wp-json\/wp\/v2\/pages\/69233\/revisions"}],"predecessor-version":[{"id":70180,"href":"http:\/\/tagespflege-wirtz.de\/asfd845qaw3\/wp-json\/wp\/v2\/pages\/69233\/revisions\/70180"}],"wp:attachment":[{"href":"http:\/\/tagespflege-wirtz.de\/asfd845qaw3\/wp-json\/wp\/v2\/media?parent=69233"}],"curies":[{"name":"wp","href":"https:\/\/api.w.org\/{rel}","templated":true}]}}