{"id":69230,"date":"2019-03-25T10:43:54","date_gmt":"2019-03-25T09:43:54","guid":{"rendered":"http:\/\/tagespflege-wirtz.de\/asfd845qaw3\/?page_id=69230"},"modified":"2025-05-16T16:18:00","modified_gmt":"2025-05-16T14:18:00","slug":"karriere","status":"publish","type":"page","link":"http:\/\/tagespflege-wirtz.de\/asfd845qaw3\/karriere\/","title":{"rendered":"Karriere"},"content":{"rendered":"<p>[et_pb_section bb_built=&#8220;1&#8243; fullwidth=&#8220;on&#8220; specialty=&#8220;off&#8220; next_background_color=&#8220;#f4e4a6&#8243; _builder_version=&#8220;3.19.17&#8243; box_shadow_style=&#8220;preset3&#8243;][et_pb_fullwidth_image admin_label=&#8220;Volle Breite des Bildes &#8211; willkommen_bild.png&#8220; _builder_version=&#8220;3.19.17&#8243; src=&#8220;http:\/\/tagespflege-wirtz.de\/asfd845qaw3\/wp-content\/uploads\/2025\/05\/Header_Start_Tagespflege_Burgstaedt_v4.png&#8220; custom_margin=&#8220;20px||10px|&#8220; \/][\/et_pb_section][et_pb_section bb_built=&#8220;1&#8243; specialty=&#8220;off&#8220; prev_background_color=&#8220;#ffffff&#8220; _builder_version=&#8220;3.19.17&#8243; custom_margin=&#8220;0px||10px|&#8220; box_shadow_style=&#8220;preset3&#8243; background_color=&#8220;#f4e4a6&#8243; next_background_color=&#8220;#d8d9d9&#8243;][et_pb_row _builder_version=&#8220;3.19.17&#8243; make_equal=&#8220;on&#8220; custom_margin=&#8220;0px||0px|&#8220; custom_padding=&#8220;0px||0px|&#8220;][et_pb_column type=&#8220;3_4&#8243;][et_pb_text admin_label=&#8220;Text &#8211; KARRIERE&#8220; _builder_version=&#8220;3.19.17&#8243; text_font_size=&#8220;16px&#8220; custom_margin=&#8220;||0px|&#8220; custom_padding=&#8220;||0px|&#8220;]<\/p>\n<h1>KARRIERE<\/h1>\n<p><strong>Wir brauchen Sie und Ihre Liebe zum Beruf!<\/strong><\/p>\n<p>F\u00fcr Mitmenschen da sein, anderen helfen und etwas Gutes tun &#8211; die Tagespflege als Begegnungsort f\u00fcr \u00e4ltere Menschen und vielleicht Sie?<\/p>\n<p>Sind Sie auf der Suche nach neuen Herausforderungen, einem netten Team von Kollegen oder dem Gef\u00fchl jeden Tag etwas gutes getan zu haben, dann rufen Sie uns an oder nutzen Sie unser Kontaktformular f\u00fcr Ihre Bewerbung.<\/p>\n<p>Wir freuen uns auf Sie!<\/p>\n<p>&nbsp;<\/p>\n<p>[\/et_pb_text][et_pb_text admin_label=&#8220;\u00dcberschrift H1 &#8211; BEWERBUNGSFORMULAR&#8220; _builder_version=&#8220;3.19.17&#8243; custom_margin=&#8220;0px|||&#8220; custom_padding=&#8220;0px|||&#8220;]<\/p>\n<h1>BEWERBUNGSFORMULAR<\/h1>\n<p>Felder mit * sind Pflichtfelder<\/p>\n<p>[\/et_pb_text][et_pb_text admin_label=&#8220;Bewerbungsformular&#8220; _builder_version=&#8220;3.19.17&#8243; background_color=&#8220;#d8d9d9&#8243; custom_padding=&#8220;20px|20px|20px|20px&#8220;]<\/p>\n\n<div class=\"wpcf7 no-js\" id=\"wpcf7-f69856-o1\" lang=\"de-DE\" dir=\"ltr\" data-wpcf7-id=\"69856\">\n<div class=\"screen-reader-response\"><p role=\"status\" aria-live=\"polite\" aria-atomic=\"true\"><\/p> <ul><\/ul><\/div>\n<form action=\"\/asfd845qaw3\/wp-json\/wp\/v2\/pages\/69230#wpcf7-f69856-o1\" method=\"post\" class=\"wpcf7-form init\" aria-label=\"Kontaktformular\" enctype=\"multipart\/form-data\" novalidate=\"novalidate\" data-status=\"init\">\n<div style=\"display: none;\">\n<input type=\"hidden\" name=\"_wpcf7\" value=\"69856\" \/>\n<input type=\"hidden\" name=\"_wpcf7_version\" value=\"6.0.6\" \/>\n<input type=\"hidden\" name=\"_wpcf7_locale\" value=\"de_DE\" \/>\n<input type=\"hidden\" name=\"_wpcf7_unit_tag\" value=\"wpcf7-f69856-o1\" \/>\n<input type=\"hidden\" name=\"_wpcf7_container_post\" value=\"0\" \/>\n<input type=\"hidden\" name=\"_wpcf7_posted_data_hash\" value=\"\" \/>\n<input type=\"hidden\" name=\"_wpcf7cf_hidden_group_fields\" value=\"[]\" \/>\n<input type=\"hidden\" name=\"_wpcf7cf_hidden_groups\" value=\"[]\" \/>\n<input type=\"hidden\" name=\"_wpcf7cf_visible_groups\" value=\"[]\" \/>\n<input type=\"hidden\" name=\"_wpcf7cf_repeaters\" value=\"[]\" \/>\n<input type=\"hidden\" name=\"_wpcf7cf_steps\" value=\"{}\" \/>\n<input type=\"hidden\" name=\"_wpcf7cf_options\" value=\"{&quot;form_id&quot;:69856,&quot;conditions&quot;:[],&quot;settings&quot;:{&quot;animation&quot;:&quot;yes&quot;,&quot;animation_intime&quot;:200,&quot;animation_outtime&quot;:200,&quot;conditions_ui&quot;:&quot;normal&quot;,&quot;notice_dismissed&quot;:false,&quot;notice_dismissed_update-cf7-5.5.6&quot;:true,&quot;notice_dismissed_update-cf7-6.0&quot;:true}}\" \/>\n<input type=\"hidden\" name=\"_wpcf7_recaptcha_response\" value=\"\" \/>\n<\/div>\n<p><span class=\"wpcf7-form-control-wrap\" data-name=\"your-firstname\"><input size=\"40\" maxlength=\"400\" class=\"wpcf7-form-control wpcf7-text wpcf7-validates-as-required\" aria-required=\"true\" aria-invalid=\"false\" placeholder=\"*Vorname\" value=\"\" type=\"text\" name=\"your-firstname\" \/><\/span>\n<\/p>\n<p><span class=\"wpcf7-form-control-wrap\" data-name=\"your-name\"><input size=\"40\" maxlength=\"400\" class=\"wpcf7-form-control wpcf7-text wpcf7-validates-as-required\" aria-required=\"true\" aria-invalid=\"false\" placeholder=\"*Name\" value=\"\" type=\"text\" name=\"your-name\" \/><\/span>\n<\/p>\n<p>Ich habe Interesse an folgender Stelle:<br \/>\n<span class=\"wpcf7-form-control-wrap\" data-name=\"Stelle\"><span class=\"wpcf7-form-control wpcf7-checkbox wpcf7-validates-as-required\"><span class=\"wpcf7-list-item first\"><label><input type=\"checkbox\" name=\"Stelle[]\" value=\"Alten- \/ Krankenpflegehelfer (m\/w\/d)\" \/><span class=\"wpcf7-list-item-label\">Alten- \/ Krankenpflegehelfer (m\/w\/d)<\/span><\/label><\/span><span class=\"wpcf7-list-item\"><label><input type=\"checkbox\" name=\"Stelle[]\" value=\"Pflegefachkraft (m\/w\/d)\" \/><span class=\"wpcf7-list-item-label\">Pflegefachkraft (m\/w\/d)<\/span><\/label><\/span><span class=\"wpcf7-list-item\"><label><input type=\"checkbox\" name=\"Stelle[]\" value=\"Pflegehelfer (m\/w\/d)\" \/><span class=\"wpcf7-list-item-label\">Pflegehelfer (m\/w\/d)<\/span><\/label><\/span><span class=\"wpcf7-list-item\"><label><input type=\"checkbox\" name=\"Stelle[]\" value=\"Teilnehmer im Freiwilligen Sozialen Jahr (m\/w\/d)\" \/><span class=\"wpcf7-list-item-label\">Teilnehmer im Freiwilligen Sozialen Jahr (m\/w\/d)<\/span><\/label><\/span><span class=\"wpcf7-list-item\"><label><input type=\"checkbox\" name=\"Stelle[]\" value=\"Teilnehmer im Bundesfreiwilligendienst (m\/w\/d)\" \/><span class=\"wpcf7-list-item-label\">Teilnehmer im Bundesfreiwilligendienst (m\/w\/d)<\/span><\/label><\/span><span class=\"wpcf7-list-item last\"><label><input type=\"checkbox\" name=\"Stelle[]\" value=\"Initiativbewerbung\" \/><span class=\"wpcf7-list-item-label\">Initiativbewerbung<\/span><\/label><\/span><\/span><\/span>\n<\/p>\n<p>Arbeitszeitmodel:<br \/>\n<span class=\"wpcf7-form-control-wrap\" data-name=\"Arbeitszeitmodel\"><span class=\"wpcf7-form-control wpcf7-checkbox wpcf7-validates-as-required\"><span class=\"wpcf7-list-item first\"><label><input type=\"checkbox\" name=\"Arbeitszeitmodel[]\" value=\"Vollzeit\" \/><span class=\"wpcf7-list-item-label\">Vollzeit<\/span><\/label><\/span><span class=\"wpcf7-list-item\"><label><input type=\"checkbox\" name=\"Arbeitszeitmodel[]\" value=\"Teilzeit\" \/><span class=\"wpcf7-list-item-label\">Teilzeit<\/span><\/label><\/span><span class=\"wpcf7-list-item last\"><label><input type=\"checkbox\" name=\"Arbeitszeitmodel[]\" value=\"Stundenbasis\" \/><span class=\"wpcf7-list-item-label\">Stundenbasis<\/span><\/label><\/span><\/span><\/span>\n<\/p>\n<p><span class=\"wpcf7-form-control-wrap\" data-name=\"Tel\"><input size=\"40\" maxlength=\"400\" class=\"wpcf7-form-control wpcf7-tel wpcf7-validates-as-required wpcf7-text wpcf7-validates-as-tel\" aria-required=\"true\" aria-invalid=\"false\" placeholder=\"*Telefonnummer\" value=\"\" type=\"tel\" name=\"Tel\" \/><\/span>\n<\/p>\n<p><span class=\"wpcf7-form-control-wrap\" data-name=\"your-email\"><input size=\"40\" maxlength=\"400\" class=\"wpcf7-form-control wpcf7-email wpcf7-validates-as-required wpcf7-text wpcf7-validates-as-email\" aria-required=\"true\" aria-invalid=\"false\" placeholder=\"*E-Mail\" value=\"\" type=\"email\" name=\"your-email\" \/><\/span>\n<\/p>\n<p><span class=\"wpcf7-form-control-wrap\" data-name=\"Abschluss\"><input size=\"40\" maxlength=\"400\" class=\"wpcf7-form-control wpcf7-text wpcf7-validates-as-required abschluss\" id=\"abschluss\" aria-required=\"true\" aria-invalid=\"false\" placeholder=\"*Berufs- \/ Schulabschlu\u00df\" value=\"\" type=\"text\" name=\"Abschluss\" \/><\/span>\n<\/p>\n<p><span class=\"wpcf7-form-control-wrap\" data-name=\"your-message\"><textarea cols=\"40\" rows=\"10\" maxlength=\"2000\" class=\"wpcf7-form-control wpcf7-textarea wpcf7-validates-as-required\" aria-required=\"true\" aria-invalid=\"false\" placeholder=\"*Ihre Nachricht\" name=\"your-message\"><\/textarea><\/span>\n<\/p>\n<p>F\u00fcgen Sie Ihren Lebenslauf, Zeugnisse, Sonstiges hinzu. Erlaubte Dateiendungen: .pdf, .jpg, die Dateien d\u00fcrfen das Limit von 5MB nicht \u00fcberschreiten.\n<\/p>\n<p>Anhang 1<br \/>\n<span class=\"wpcf7-form-control-wrap\" data-name=\"Anhang1\"><input size=\"40\" class=\"wpcf7-form-control wpcf7-file\" accept=\".pdf,.jpg\" aria-invalid=\"false\" type=\"file\" name=\"Anhang1\" \/><\/span>\n<\/p>\n<p>Anhang 2<br \/>\n<span class=\"wpcf7-form-control-wrap\" data-name=\"Anhang2\"><input size=\"40\" class=\"wpcf7-form-control wpcf7-file\" accept=\".pdf,.jpg\" aria-invalid=\"false\" type=\"file\" name=\"Anhang2\" \/><\/span>\n<\/p>\n<p>Anhang 3<br \/>\n<span class=\"wpcf7-form-control-wrap\" data-name=\"Anhang3\"><input size=\"40\" class=\"wpcf7-form-control wpcf7-file\" accept=\".pdf,.jpg\" aria-invalid=\"false\" type=\"file\" name=\"Anhang3\" \/><\/span>\n<\/p>\n<p>Anhang 4<br \/>\n<span class=\"wpcf7-form-control-wrap\" data-name=\"Anhang4\"><input size=\"40\" class=\"wpcf7-form-control wpcf7-file\" accept=\".pdf,.jpg\" aria-invalid=\"false\" type=\"file\" name=\"Anhang4\" \/><\/span>\n<\/p>\n<p>Anhang 5<br \/>\n<span class=\"wpcf7-form-control-wrap\" data-name=\"Anhang5\"><input size=\"40\" class=\"wpcf7-form-control wpcf7-file\" accept=\".pdf,.jpg\" aria-invalid=\"false\" type=\"file\" name=\"Anhang5\" \/><\/span>\n<\/p>\n<p>Mit dem Klick auf den Button \"Bewerbung jetzt absenden\" stimmen Sie einer Speicherung und Verarbeitung der \u00fcbersendeten Daten zum Zwecke der Pr\u00fcfung Ihrer Bewerbung und unserer <a href=\"http:\/\/tagespflege-wirtz.de\/asfd845qaw3\/datenschutz\/\" target=\"_blank\">Datenschutzerkl\u00e4rung<\/a> zu.\n<\/p>\n<p><div class=\"cf7-cf-turnstile\" style=\"margin-top: 0px; margin-bottom: -15px;\"> <div id=\"cf-turnstile-cf7-1016232312\" class=\"cf-turnstile\" data-sitekey=\"0x4AAAAAAAzQqeHDFnOau_g8\" data-theme=\"light\" data-language=\"auto\" data-size=\"\" data-retry=\"auto\" data-retry-interval=\"1000\" data-action=\"contact-form-7\" data-appearance=\"always\"><\/div> <script>document.addEventListener(\"DOMContentLoaded\", function() { setTimeout(function(){ var e=document.getElementById(\"cf-turnstile-cf7-1016232312\"); e&&!e.innerHTML.trim()&&(turnstile.remove(\"#cf-turnstile-cf7-1016232312\"), turnstile.render(\"#cf-turnstile-cf7-1016232312\", {sitekey:\"0x4AAAAAAAzQqeHDFnOau_g8\"})); }, 0); });<\/script> <br class=\"cf-turnstile-br cf-turnstile-br-cf7-1016232312\"> <style>#cf-turnstile-cf7-1016232312 { margin-left: -15px; }<\/style> <script>document.addEventListener(\"DOMContentLoaded\",function(){document.querySelectorAll('.wpcf7-form').forEach(function(e){e.addEventListener('submit',function(){if(document.getElementById('cf-turnstile-cf7-1016232312')){setTimeout(function(){turnstile.reset('#cf-turnstile-cf7-1016232312');},1000)}})})});<\/script> <\/div><br\/><input class=\"wpcf7-form-control wpcf7-submit has-spinner\" type=\"submit\" value=\"Bewerbung jetzt absenden\" \/>\n<\/p><div class=\"wpcf7-response-output\" aria-hidden=\"true\"><\/div>\n<\/form>\n<\/div>\n\n<p>[\/et_pb_text][\/et_pb_column][et_pb_column type=&#8220;1_4&#8243;][et_pb_text admin_label=&#8220;H1 &#8211; HG gelb &#8211; 14pt &#8211; Aktuelles&#8220; _builder_version=&#8220;3.19.17&#8243; background_color=&#8220;#f1cb25&#8243; text_font=&#8220;|||on|||||&#8220; text_orientation=&#8220;center&#8220; background_layout=&#8220;dark&#8220; custom_padding=&#8220;10px||3px|&#8220; custom_margin=&#8220;||0px|&#8220; box_shadow_style=&#8220;preset3&#8243; text_text_shadow_style=&#8220;preset1&#8243; header_font=&#8220;|600||on|||||&#8220; header_text_align=&#8220;center&#8220; header_font_size=&#8220;18px&#8220; header_text_color=&#8220;#31549c&#8220; header_text_shadow_vertical_length=&#8220;0.1em&#8220; header_text_shadow_blur_strength=&#8220;0.1em&#8220; saved_tabs=&#8220;all&#8220; global_module=&#8220;69991&#8243;]<\/p>\n<h1>Aktuelles<\/h1>\n<p>[\/et_pb_text][et_pb_blog _builder_version=&#8220;3.19.17&#8243; posts_number=&#8220;1&#8243; show_more=&#8220;on&#8220; show_author=&#8220;off&#8220; show_date=&#8220;off&#8220; show_categories=&#8220;off&#8220; show_pagination=&#8220;off&#8220; background_color=&#8220;#ffffff&#8220; custom_padding=&#8220;10px|10px|0px|10px&#8220; box_shadow_style=&#8220;preset3&#8243; saved_tabs=&#8220;all&#8220; global_module=&#8220;69992&#8243; \/][\/et_pb_column][\/et_pb_row][\/et_pb_section][et_pb_section bb_built=&#8220;1&#8243; specialty=&#8220;off&#8220; prev_background_color=&#8220;#f4e4a6&#8243; _builder_version=&#8220;3.19.17&#8243; custom_margin=&#8220;0px||0px|&#8220; background_color=&#8220;#d8d9d9&#8243; custom_padding=&#8220;0px||0px|&#8220; box_shadow_style=&#8220;preset3&#8243; global_module=&#8220;69605&#8243;][et_pb_row global_parent=&#8220;69605&#8243; _builder_version=&#8220;3.19.17&#8243; custom_margin=&#8220;0px|||&#8220; custom_padding=&#8220;20px|||&#8220;][et_pb_column type=&#8220;1_3&#8243;][et_pb_image admin_label=&#8220;Bild &#8211; Haus_Tagespflege-Wirtz.png&#8220; global_parent=&#8220;69605&#8243; _builder_version=&#8220;3.19.17&#8243; src=&#8220;http:\/\/tagespflege-wirtz.de\/asfd845qaw3\/wp-content\/uploads\/2019\/03\/Haus_Tagespflege-Wirtz.png&#8220; align=&#8220;center&#8220; force_fullwidth=&#8220;on&#8220; custom_margin=&#8220;0px||0px|&#8220; custom_padding=&#8220;0px||0px|&#8220; \/][et_pb_image admin_label=&#8220;Bild &#8211; Menue_mein_zweites_Zuhause.png&#8220; global_parent=&#8220;69605&#8243; _builder_version=&#8220;3.19.17&#8243; src=&#8220;http:\/\/tagespflege-wirtz.de\/asfd845qaw3\/wp-content\/uploads\/2021\/02\/Menue_mein_zweites_Zuhause_v2.png&#8220; force_fullwidth=&#8220;on&#8220; custom_margin=&#8220;0px||0px|&#8220; custom_padding=&#8220;0px|||&#8220; \/][et_pb_text admin_label=&#8220;H1 &#8211; HG blau &#8211; 14pt &#8211; Mein zweites Zuhause&#8220; global_parent=&#8220;69605&#8243; _builder_version=&#8220;3.19.17&#8243; background_color=&#8220;#31549c&#8220; text_font=&#8220;|||on|||||&#8220; text_orientation=&#8220;center&#8220; background_layout=&#8220;dark&#8220; custom_padding=&#8220;10px||3px|&#8220; custom_margin=&#8220;||0px|&#8220; header_text_shadow_style=&#8220;preset1&#8243; box_shadow_style=&#8220;preset3&#8243; text_text_shadow_style=&#8220;preset1&#8243; header_font=&#8220;|||on|||||&#8220; header_text_align=&#8220;center&#8220; header_font_size=&#8220;18px&#8220;]<\/p>\n<h1>Mein zweites Zuhause<\/h1>\n<p>[\/et_pb_text][et_pb_text admin_label=&#8220;Text &#8211; HG wei\u00df &#8211; 12pt &#8211; So lang wie m\u00f6glich&#8230;&#8220; global_parent=&#8220;69605&#8243; _builder_version=&#8220;3.19.17&#8243; text_font_size=&#8220;12px&#8220; background_color=&#8220;#ffffff&#8220; custom_padding=&#8220;10px|10px|10px|10px&#8220; custom_margin=&#8220;0px|||&#8220; box_shadow_style=&#8220;preset3&#8243;]<\/p>\n<p>So lang wie m\u00f6glich Zuhause leben \u2013 wer w\u00fcnscht sich das nicht? Wenn sich jedoch Beeintr\u00e4chtigungen einstellen, kann es einem alles \u201ezu viel\u201c werden. Unsere Tagespflege entlastet Sie und Ihre Angeh\u00f6rigen.<br \/>Sie k\u00f6nnen weiterhin in Ihrem gewohnten Umfeld leben und sich tags\u00fcber an Gemeinschaft und Betreuung erfreuen \u2013 in der Tagespflege \u201eAm Alten Amtsgericht\u201c, Ihrem zweiten Zuhause.<\/p>\n<p>\u00a0<\/p>\n<ul>\n<li><a href=\"http:\/\/tagespflege-wirtz.de\/asfd845qaw3\/standorte\/burgstaedt\/\">WEITERLESEN<\/a><\/li>\n<li><a href=\"http:\/\/tagespflege-wirtz.de\/asfd845qaw3\/haeufige-fragen\/kosten\">FINANZIERUNG<\/a><\/li>\n<\/ul>\n<p>[\/et_pb_text][\/et_pb_column][et_pb_column type=&#8220;1_3&#8243;][et_pb_image admin_label=&#8220;Bild &#8211; Hacken_Tagespflege-Wirtz.png&#8220; global_parent=&#8220;69605&#8243; _builder_version=&#8220;3.19.17&#8243; src=&#8220;http:\/\/tagespflege-wirtz.de\/asfd845qaw3\/wp-content\/uploads\/2019\/03\/Hacken_Tagespflege-Wirtz.png&#8220; align=&#8220;center&#8220; force_fullwidth=&#8220;on&#8220; custom_margin=&#8220;0px||0px|&#8220; custom_padding=&#8220;0px||0px|&#8220; \/][et_pb_image admin_label=&#8220;Bild &#8211; Menue_Pflege_fuer_jedes_Alter.png&#8220; global_parent=&#8220;69605&#8243; _builder_version=&#8220;3.19.17&#8243; src=&#8220;http:\/\/tagespflege-wirtz.de\/asfd845qaw3\/wp-content\/uploads\/2021\/02\/Menue_Pflege_fuer_jedes_Alter_v2.png&#8220; force_fullwidth=&#8220;on&#8220; custom_margin=&#8220;0px||0px|&#8220; custom_padding=&#8220;0px|||&#8220; \/][et_pb_text admin_label=&#8220;H1 &#8211; HG blau &#8211; 14pt &#8211; Pflege f\u00fcr jedes Alter&#8220; global_parent=&#8220;69605&#8243; _builder_version=&#8220;3.19.17&#8243; background_color=&#8220;#31549c&#8220; text_font=&#8220;|||on|||||&#8220; text_orientation=&#8220;center&#8220; background_layout=&#8220;dark&#8220; custom_padding=&#8220;10px||3px|&#8220; custom_margin=&#8220;||0px|&#8220; header_text_shadow_style=&#8220;preset1&#8243; box_shadow_style=&#8220;preset3&#8243; text_text_shadow_style=&#8220;preset1&#8243; header_font=&#8220;|||on|||||&#8220; header_text_align=&#8220;center&#8220; header_font_size=&#8220;18px&#8220;]<\/p>\n<h1>Pflege f\u00fcr jedes Alter<\/h1>\n<p>[\/et_pb_text][et_pb_text admin_label=&#8220;Text &#8211; HG wei\u00df &#8211; 12pt &#8211; Wir betreuen pflege&#8230;&#8220; global_parent=&#8220;69605&#8243; _builder_version=&#8220;3.19.17&#8243; text_font_size=&#8220;12px&#8220; background_color=&#8220;#ffffff&#8220; custom_padding=&#8220;10px|10px|10px|10px&#8220; custom_margin=&#8220;0px|||&#8220; box_shadow_style=&#8220;preset3&#8243;]<\/p>\n<p>Wir betreuen pflegebed\u00fcrftige Menschen in jedem Alter.<\/p>\n<p>Das Zusammenleben mit anderen Menschen, die sich in gleichen oder \u00e4hnlichen Lebenssituationen befinden, unterst\u00fctzt und motiviert jeden einzelnen unserer G\u00e4ste. Gerade der Austausch der Generationen erweitert den Erfahrungsschatz und f\u00f6rdert die Sozialkompetenz.<\/p>\n<p>\u00a0<\/p>\n<ul>\n<li><a href=\"http:\/\/tagespflege-wirtz.de\/asfd845qaw3\/haeufige-fragen\/fuer-gaeste\/\">WEITERLESEN<\/a><\/li>\n<li><a href=\"http:\/\/tagespflege-wirtz.de\/asfd845qaw3\/galerie\/\">FOTOGALERIE<\/a><\/li>\n<\/ul>\n<p>[\/et_pb_text][\/et_pb_column][et_pb_column type=&#8220;1_3&#8243;][et_pb_image admin_label=&#8220;Bild &#8211; Smiley_Tagespflege-Wirtz.png&#8220; global_parent=&#8220;69605&#8243; _builder_version=&#8220;3.19.17&#8243; src=&#8220;http:\/\/tagespflege-wirtz.de\/asfd845qaw3\/wp-content\/uploads\/2019\/03\/Smiley_Tagespflege-Wirtz.png&#8220; align=&#8220;center&#8220; force_fullwidth=&#8220;on&#8220; custom_margin=&#8220;0px||0px|&#8220; custom_padding=&#8220;0px||0px|&#8220; \/][et_pb_image admin_label=&#8220;Bild &#8211; Menue_Beratung.png&#8220; global_parent=&#8220;69605&#8243; _builder_version=&#8220;3.19.17&#8243; src=&#8220;http:\/\/tagespflege-wirtz.de\/asfd845qaw3\/wp-content\/uploads\/2021\/02\/Menue_Beratung_v2.png&#8220; force_fullwidth=&#8220;on&#8220; custom_margin=&#8220;0px||0px|&#8220; custom_padding=&#8220;0px|||&#8220; \/][et_pb_text admin_label=&#8220;H1 &#8211; HG blau &#8211; 14pt &#8211; Beratung&#8220; global_parent=&#8220;69605&#8243; _builder_version=&#8220;3.19.17&#8243; background_color=&#8220;#31549c&#8220; text_font=&#8220;|||on|||||&#8220; text_orientation=&#8220;center&#8220; background_layout=&#8220;dark&#8220; custom_padding=&#8220;10px||3px|&#8220; custom_margin=&#8220;||0px|&#8220; header_text_shadow_style=&#8220;preset1&#8243; box_shadow_style=&#8220;preset3&#8243; text_text_shadow_style=&#8220;preset1&#8243; header_font=&#8220;|||on|||||&#8220; header_text_align=&#8220;center&#8220; header_font_size=&#8220;18px&#8220;]<\/p>\n<h1>Beratung<\/h1>\n<p>[\/et_pb_text][et_pb_text admin_label=&#8220;Text &#8211; HG wei\u00df &#8211; 12pt &#8211; Rund um das Thema&#8230;&#8220; global_parent=&#8220;69605&#8243; _builder_version=&#8220;3.19.17&#8243; text_font_size=&#8220;12px&#8220; background_color=&#8220;#ffffff&#8220; custom_padding=&#8220;10px|10px|10px|10px&#8220; custom_margin=&#8220;0px|||&#8220; box_shadow_style=&#8220;preset3&#8243;]<\/p>\n<p>Rund um das Thema Tagespflege gibt es viele Fragen. Gern nehmen wir uns f\u00fcr Sie Zeit und besprechen in Ruhe alle Sie interessierenden Themen.<\/p>\n<p>Wir kennen die Bed\u00fcrfnisse pflegebed\u00fcrftiger Menschen und haben selbstverst\u00e4ndlich ein Ohr f\u00fcr ihre Sorgen.<\/p>\n<p>\u00a0<\/p>\n<ul>\n<li><a href=\"http:\/\/tagespflege-wirtz.de\/asfd845qaw3\/haeufige-fragen\/\">H\u00c4UFIG GESTELLTE FRAGEN<\/a><\/li>\n<li><a href=\"http:\/\/tagespflege-wirtz.de\/asfd845qaw3\/haeufige-fragen\/kosten\">WER BEZAHLT DIE TAGESPFLEGE?<\/a><\/li>\n<\/ul>\n<p>[\/et_pb_text][\/et_pb_column][\/et_pb_row][\/et_pb_section]<\/p>\n","protected":false},"excerpt":{"rendered":"<p>[et_pb_section bb_built=&#8220;1&#8243; fullwidth=&#8220;on&#8220; specialty=&#8220;off&#8220; next_background_color=&#8220;#f4e4a6&#8243; _builder_version=&#8220;3.19.17&#8243; box_shadow_style=&#8220;preset3&#8243;][et_pb_fullwidth_image admin_label=&#8220;Volle Breite des Bildes &#8211; willkommen_bild.png&#8220; _builder_version=&#8220;3.19.17&#8243; src=&#8220;http:\/\/tagespflege-wirtz.de\/asfd845qaw3\/wp-content\/uploads\/2025\/05\/Header_Start_Tagespflege_Burgstaedt_v4.png&#8220; custom_margin=&#8220;20px||10px|&#8220; \/][\/et_pb_section][et_pb_section bb_built=&#8220;1&#8243; specialty=&#8220;off&#8220; prev_background_color=&#8220;#ffffff&#8220; _builder_version=&#8220;3.19.17&#8243; custom_margin=&#8220;0px||10px|&#8220; box_shadow_style=&#8220;preset3&#8243; background_color=&#8220;#f4e4a6&#8243; next_background_color=&#8220;#d8d9d9&#8243;][et_pb_row _builder_version=&#8220;3.19.17&#8243; make_equal=&#8220;on&#8220; custom_margin=&#8220;0px||0px|&#8220; custom_padding=&#8220;0px||0px|&#8220;][et_pb_column type=&#8220;3_4&#8243;][et_pb_text admin_label=&#8220;Text &#8211; KARRIERE&#8220; _builder_version=&#8220;3.19.17&#8243; text_font_size=&#8220;16px&#8220; custom_margin=&#8220;||0px|&#8220; custom_padding=&#8220;||0px|&#8220;] KARRIERE Wir brauchen Sie und Ihre Liebe zum Beruf! F\u00fcr Mitmenschen da sein, anderen helfen und etwas Gutes [&hellip;]<\/p>\n","protected":false},"author":1,"featured_media":0,"parent":0,"menu_order":0,"comment_status":"closed","ping_status":"closed","template":"","meta":{"_et_pb_use_builder":"on","_et_pb_old_content":"","footnotes":""},"class_list":["post-69230","page","type-page","status-publish","hentry"],"_links":{"self":[{"href":"http:\/\/tagespflege-wirtz.de\/asfd845qaw3\/wp-json\/wp\/v2\/pages\/69230"}],"collection":[{"href":"http:\/\/tagespflege-wirtz.de\/asfd845qaw3\/wp-json\/wp\/v2\/pages"}],"about":[{"href":"http:\/\/tagespflege-wirtz.de\/asfd845qaw3\/wp-json\/wp\/v2\/types\/page"}],"author":[{"embeddable":true,"href":"http:\/\/tagespflege-wirtz.de\/asfd845qaw3\/wp-json\/wp\/v2\/users\/1"}],"replies":[{"embeddable":true,"href":"http:\/\/tagespflege-wirtz.de\/asfd845qaw3\/wp-json\/wp\/v2\/comments?post=69230"}],"version-history":[{"count":38,"href":"http:\/\/tagespflege-wirtz.de\/asfd845qaw3\/wp-json\/wp\/v2\/pages\/69230\/revisions"}],"predecessor-version":[{"id":70223,"href":"http:\/\/tagespflege-wirtz.de\/asfd845qaw3\/wp-json\/wp\/v2\/pages\/69230\/revisions\/70223"}],"wp:attachment":[{"href":"http:\/\/tagespflege-wirtz.de\/asfd845qaw3\/wp-json\/wp\/v2\/media?parent=69230"}],"curies":[{"name":"wp","href":"https:\/\/api.w.org\/{rel}","templated":true}]}}