{"id":69224,"date":"2019-03-25T10:43:14","date_gmt":"2019-03-25T09:43:14","guid":{"rendered":"http:\/\/tagespflege-wirtz.de\/asfd845qaw3\/?page_id=69224"},"modified":"2021-02-11T14:44:28","modified_gmt":"2021-02-11T13:44:28","slug":"ueber-uns","status":"publish","type":"page","link":"http:\/\/tagespflege-wirtz.de\/asfd845qaw3\/ueber-uns\/","title":{"rendered":"\u00dcber Uns"},"content":{"rendered":"<p>[et_pb_section bb_built=&#8220;1&#8243; fullwidth=&#8220;on&#8220; specialty=&#8220;off&#8220; next_background_color=&#8220;#f4e4a6&#8243; _builder_version=&#8220;3.19.17&#8243; box_shadow_style=&#8220;preset3&#8243;][et_pb_fullwidth_image admin_label=&#8220;Volle Breite des Bildes &#8211; ueber-uns_Header.png&#8220; _builder_version=&#8220;3.19.17&#8243; src=&#8220;http:\/\/tagespflege-wirtz.de\/asfd845qaw3\/wp-content\/uploads\/2019\/05\/Header_UeberUns_Tagespflege_Burgstaedt.png&#8220; custom_margin=&#8220;20px||10px|&#8220; \/][\/et_pb_section][et_pb_section bb_built=&#8220;1&#8243; specialty=&#8220;off&#8220; prev_background_color=&#8220;#ffffff&#8220; _builder_version=&#8220;3.19.17&#8243; custom_margin=&#8220;0px||10px|&#8220; box_shadow_style=&#8220;preset3&#8243; background_color=&#8220;#f4e4a6&#8243; next_background_color=&#8220;#000000&#8243;][et_pb_row _builder_version=&#8220;3.19.17&#8243; make_equal=&#8220;on&#8220; custom_margin=&#8220;0px||0px|&#8220; custom_padding=&#8220;0px||0px|&#8220;][et_pb_column type=&#8220;1_4&#8243;][et_pb_image admin_label=&#8220;Bild &#8211; Button_blau_Mensch-Alter_Tagespflege-Wirtz.png&#8220; _builder_version=&#8220;3.19.17&#8243; src=&#8220;http:\/\/tagespflege-wirtz.de\/asfd845qaw3\/wp-content\/uploads\/2019\/03\/Button_blau_Mensch-Alter_Tagespflege-Wirtz.png&#8220; align=&#8220;center&#8220; max_width=&#8220;80%&#8220; max_width_phone=&#8220;50%&#8220; max_width_last_edited=&#8220;on|phone&#8220; \/][\/et_pb_column][et_pb_column type=&#8220;3_4&#8243;][et_pb_text admin_label=&#8220;Text &#8211; \u00dcBER UNS &#8220; _builder_version=&#8220;3.19.17&#8243; text_font_size=&#8220;16px&#8220;]<\/p>\n<h1>\u00dcBER UNS<\/h1>\n<p>Unser kompetentes und f\u00fcrsorgliches Team der Tagespflege \u201eAm Alten Amtsgericht\u201c betreut pflegebed\u00fcrftige Menschen in jedem Alter. Im Herzen von Burgst\u00e4dt gelegen ist das Geb\u00e4ude des \u201eAlten Amtsgerichtes\u201c vielen Burgst\u00e4dtern ein Begriff.<\/p>\n<p>Mitte 2019 er\u00f6ffnet, ist unsere Tagespflege ein Ort f\u00fcr Menschen die einen betreuten Alltag ben\u00f6tigen. In wohnlichen R\u00e4umen bieten wir mit famili\u00e4rer Atmosph\u00e4re ein behagliches zweites Zuhause.<\/p>\n<p>Wertsch\u00e4tzung und Respekt pr\u00e4gen den Umgang mit unseren G\u00e4sten. Auch dadurch entstehen vertrauensvolle und pers\u00f6nliche Beziehungen.<\/p>\n<p>[\/et_pb_text][\/et_pb_column][\/et_pb_row][\/et_pb_section][et_pb_section bb_built=&#8220;1&#8243; specialty=&#8220;off&#8220; prev_background_color=&#8220;#000000&#8243; _builder_version=&#8220;3.19.17&#8243; custom_margin=&#8220;0px||10px|&#8220; box_shadow_style=&#8220;preset3&#8243; background_color=&#8220;#f4e4a6&#8243; next_background_color=&#8220;#d8d9d9&#8243;][et_pb_row _builder_version=&#8220;3.19.17&#8243; make_equal=&#8220;on&#8220; custom_margin=&#8220;0px||0px|&#8220; custom_padding=&#8220;0px||0px|&#8220;][et_pb_column type=&#8220;4_4&#8243;][et_pb_text admin_label=&#8220;\u00dcberschrift H1 &#8211; UNSER TEAM STELLT SICH VOR:&#8220; _builder_version=&#8220;3.19.17&#8243; text_font=&#8220;|600|||||||&#8220; text_font_size=&#8220;16px&#8220;]<\/p>\n<h1>UNSER TEAM STELLT SICH VOR:<\/h1>\n<p>[\/et_pb_text][\/et_pb_column][\/et_pb_row][et_pb_row _builder_version=&#8220;3.19.17&#8243; make_equal=&#8220;on&#8220;][et_pb_column type=&#8220;1_4&#8243;][et_pb_team_member admin_label=&#8220;Person &#8211; Annemarie Leistner&#8220; _builder_version=&#8220;3.19.17&#8243; name=&#8220;Heide Bothen&#8220; position=&#8220;Pflegedienstleitung&#8220; image_url=&#8220;http:\/\/tagespflege-wirtz.de\/asfd845qaw3\/wp-content\/uploads\/2021\/02\/pdl.png&#8220; text_orientation=&#8220;center&#8220; header_text_align=&#8220;center&#8220; body_text_align=&#8220;center&#8220; custom_margin=&#8220;||0px|&#8220; custom_padding=&#8220;||0px|&#8220; \/][\/et_pb_column][et_pb_column type=&#8220;1_4&#8243;][et_pb_team_member admin_label=&#8220;Person &#8211; Tobias Beispiel&#8220; _builder_version=&#8220;3.19.17&#8243; name=&#8220;Heidi Wei\u00dfbach \/ Simone Klingner&#8220; position=&#8220;Betreuungsassistenten&#8220; image_url=&#8220;http:\/\/tagespflege-wirtz.de\/asfd845qaw3\/wp-content\/uploads\/2021\/02\/betreu_assist.png&#8220; text_orientation=&#8220;center&#8220; header_text_align=&#8220;center&#8220; body_text_align=&#8220;center&#8220; custom_margin=&#8220;||0px|&#8220; \/][\/et_pb_column][et_pb_column type=&#8220;1_4&#8243;][et_pb_team_member admin_label=&#8220;Person &#8211; Beatrice Bestmer&#8220; _builder_version=&#8220;3.19.17&#8243; name=&#8220;Madlen Mainczyk&#8220; position=&#8220;Pflegefachkraft&#8220; image_url=&#8220;http:\/\/tagespflege-wirtz.de\/asfd845qaw3\/wp-content\/uploads\/2021\/02\/pfk.png&#8220; text_orientation=&#8220;center&#8220; header_text_align=&#8220;center&#8220; body_text_align=&#8220;center&#8220; custom_margin=&#8220;||0px|&#8220; \/][\/et_pb_column][et_pb_column type=&#8220;1_4&#8243;][et_pb_team_member admin_label=&#8220;Person &#8211; Christl Mustermann&#8220; _builder_version=&#8220;3.19.17&#8243; name=&#8220;Heidrun Roscher \/ Carmen Hornig&#8220; position=&#8220;Hauswirtschaft&#8220; image_url=&#8220;http:\/\/tagespflege-wirtz.de\/asfd845qaw3\/wp-content\/uploads\/2021\/02\/hausw.png&#8220; text_orientation=&#8220;center&#8220; header_text_align=&#8220;center&#8220; body_text_align=&#8220;center&#8220; custom_margin=&#8220;||0px|&#8220; \/][\/et_pb_column][\/et_pb_row][et_pb_row _builder_version=&#8220;3.19.17&#8243; background_color=&#8220;#ffffff&#8220; custom_padding=&#8220;0px|0px|0px|0px&#8220;][et_pb_column type=&#8220;4_4&#8243;][et_pb_text _builder_version=&#8220;3.19.17&#8243; custom_margin=&#8220;0px|0px|0px|0px&#8220; custom_padding=&#8220;10px|10px|10px|10px&#8220; text_font=&#8220;|600|||||||&#8220;]<\/p>\n<p>Rund um das Thema Tagespflege gibt es viele Fragen. Rufen Sie uns an! Wir helfen Ihnen gern. <a href=\"http:\/\/tagespflege-wirtz.de\/asfd845qaw3\/kontakt\/\">&gt; KONTAKT<\/a><\/p>\n<p>[\/et_pb_text][\/et_pb_column][\/et_pb_row][\/et_pb_section][et_pb_section bb_built=&#8220;1&#8243; specialty=&#8220;off&#8220; prev_background_color=&#8220;#f4e4a6&#8243; _builder_version=&#8220;3.19.17&#8243; custom_margin=&#8220;0px||0px|&#8220; background_color=&#8220;#d8d9d9&#8243; custom_padding=&#8220;0px||0px|&#8220; box_shadow_style=&#8220;preset3&#8243; global_module=&#8220;69605&#8243;][et_pb_row global_parent=&#8220;69605&#8243; _builder_version=&#8220;3.19.17&#8243; custom_margin=&#8220;0px|||&#8220; custom_padding=&#8220;20px|||&#8220;][et_pb_column type=&#8220;1_4&#8243;][et_pb_image admin_label=&#8220;Bild &#8211; Haus_Tagespflege-Wirtz.png&#8220; global_parent=&#8220;69605&#8243; _builder_version=&#8220;3.19.17&#8243; src=&#8220;http:\/\/tagespflege-wirtz.de\/asfd845qaw3\/wp-content\/uploads\/2019\/03\/Haus_Tagespflege-Wirtz.png&#8220; align=&#8220;center&#8220; force_fullwidth=&#8220;on&#8220; custom_margin=&#8220;0px||0px|&#8220; custom_padding=&#8220;0px||0px|&#8220; \/][et_pb_image admin_label=&#8220;Bild &#8211; Menue_mein_zweites_Zuhause.png&#8220; global_parent=&#8220;69605&#8243; _builder_version=&#8220;3.19.17&#8243; src=&#8220;http:\/\/tagespflege-wirtz.de\/asfd845qaw3\/wp-content\/uploads\/2021\/02\/Menue_mein_zweites_Zuhause_v2.png&#8220; force_fullwidth=&#8220;on&#8220; custom_margin=&#8220;0px||0px|&#8220; custom_padding=&#8220;0px|||&#8220; \/][et_pb_text admin_label=&#8220;H1 &#8211; HG blau &#8211; 14pt &#8211; Mein zweites Zuhause&#8220; global_parent=&#8220;69605&#8243; _builder_version=&#8220;3.19.17&#8243; background_color=&#8220;#31549c&#8220; text_font=&#8220;|||on|||||&#8220; text_orientation=&#8220;center&#8220; background_layout=&#8220;dark&#8220; custom_padding=&#8220;10px||3px|&#8220; custom_margin=&#8220;||0px|&#8220; header_text_shadow_style=&#8220;preset1&#8243; box_shadow_style=&#8220;preset3&#8243; text_text_shadow_style=&#8220;preset1&#8243; header_font=&#8220;|||on|||||&#8220; header_text_align=&#8220;center&#8220; header_font_size=&#8220;18px&#8220;]<\/p>\n<h1>Mein zweites Zuhause<\/h1>\n<p>[\/et_pb_text][et_pb_text admin_label=&#8220;Text &#8211; HG wei\u00df &#8211; 12pt &#8211; So lang wie m\u00f6glich&#8230;&#8220; global_parent=&#8220;69605&#8243; _builder_version=&#8220;3.19.17&#8243; text_font_size=&#8220;12px&#8220; background_color=&#8220;#ffffff&#8220; custom_padding=&#8220;10px|10px|10px|10px&#8220; custom_margin=&#8220;0px|||&#8220; box_shadow_style=&#8220;preset3&#8243;]<\/p>\n<p>So lang wie m\u00f6glich Zuhause leben \u2013 wer w\u00fcnscht sich das nicht? Wenn sich jedoch Beeintr\u00e4chtigungen einstellen, kann es einem alles \u201ezu viel\u201c werden. Unsere Tagespflege entlastet Sie und Ihre Angeh\u00f6rigen.<br \/>Sie k\u00f6nnen weiterhin in Ihrem gewohnten Umfeld leben und sich tags\u00fcber an Gemeinschaft und Betreuung erfreuen \u2013 in der Tagespflege \u201eAm Alten Amtsgericht\u201c, Ihrem zweiten Zuhause.<\/p>\n<p>\u00a0<\/p>\n<ul>\n<li><a href=\"http:\/\/tagespflege-wirtz.de\/asfd845qaw3\/standorte\/burgstaedt\/\">WEITERLESEN<\/a><\/li>\n<li><a href=\"http:\/\/tagespflege-wirtz.de\/asfd845qaw3\/haeufige-fragen\/kosten\">FINANZIERUNG<\/a><\/li>\n<\/ul>\n<p>[\/et_pb_text][\/et_pb_column][et_pb_column type=&#8220;1_4&#8243;][et_pb_image admin_label=&#8220;Bild &#8211; Hacken_Tagespflege-Wirtz.png&#8220; global_parent=&#8220;69605&#8243; _builder_version=&#8220;3.19.17&#8243; src=&#8220;http:\/\/tagespflege-wirtz.de\/asfd845qaw3\/wp-content\/uploads\/2019\/03\/Hacken_Tagespflege-Wirtz.png&#8220; align=&#8220;center&#8220; force_fullwidth=&#8220;on&#8220; custom_margin=&#8220;0px||0px|&#8220; custom_padding=&#8220;0px||0px|&#8220; \/][et_pb_image admin_label=&#8220;Bild &#8211; Menue_Pflege_fuer_jedes_Alter.png&#8220; global_parent=&#8220;69605&#8243; _builder_version=&#8220;3.19.17&#8243; src=&#8220;http:\/\/tagespflege-wirtz.de\/asfd845qaw3\/wp-content\/uploads\/2021\/02\/Menue_Pflege_fuer_jedes_Alter_v2.png&#8220; force_fullwidth=&#8220;on&#8220; custom_margin=&#8220;0px||0px|&#8220; custom_padding=&#8220;0px|||&#8220; \/][et_pb_text admin_label=&#8220;H1 &#8211; HG blau &#8211; 14pt &#8211; Pflege f\u00fcr jedes Alter&#8220; global_parent=&#8220;69605&#8243; _builder_version=&#8220;3.19.17&#8243; background_color=&#8220;#31549c&#8220; text_font=&#8220;|||on|||||&#8220; text_orientation=&#8220;center&#8220; background_layout=&#8220;dark&#8220; custom_padding=&#8220;10px||3px|&#8220; custom_margin=&#8220;||0px|&#8220; header_text_shadow_style=&#8220;preset1&#8243; box_shadow_style=&#8220;preset3&#8243; text_text_shadow_style=&#8220;preset1&#8243; header_font=&#8220;|||on|||||&#8220; header_text_align=&#8220;center&#8220; header_font_size=&#8220;18px&#8220;]<\/p>\n<h1>Pflege f\u00fcr jedes Alter<\/h1>\n<p>[\/et_pb_text][et_pb_text admin_label=&#8220;Text &#8211; HG wei\u00df &#8211; 12pt &#8211; Wir betreuen pflege&#8230;&#8220; global_parent=&#8220;69605&#8243; _builder_version=&#8220;3.19.17&#8243; text_font_size=&#8220;12px&#8220; background_color=&#8220;#ffffff&#8220; custom_padding=&#8220;10px|10px|10px|10px&#8220; custom_margin=&#8220;0px|||&#8220; box_shadow_style=&#8220;preset3&#8243;]<\/p>\n<p>Wir betreuen pflegebed\u00fcrftige Menschen in jedem Alter.<\/p>\n<p>Das Zusammenleben mit anderen Menschen, die sich in gleichen oder \u00e4hnlichen Lebenssituationen befinden, unterst\u00fctzt und motiviert jeden einzelnen unserer G\u00e4ste. Gerade der Austausch der Generationen erweitert den Erfahrungsschatz und f\u00f6rdert die Sozialkompetenz.<\/p>\n<p>\u00a0<\/p>\n<ul>\n<li><a href=\"http:\/\/tagespflege-wirtz.de\/asfd845qaw3\/haeufige-fragen\/fuer-gaeste\/\">WEITERLESEN<\/a><\/li>\n<li><a href=\"http:\/\/tagespflege-wirtz.de\/asfd845qaw3\/galerie\/\">FOTOGALERIE<\/a><\/li>\n<\/ul>\n<p>[\/et_pb_text][\/et_pb_column][et_pb_column type=&#8220;1_4&#8243;][et_pb_image admin_label=&#8220;Bild &#8211; Smiley_Tagespflege-Wirtz.png&#8220; global_parent=&#8220;69605&#8243; _builder_version=&#8220;3.19.17&#8243; src=&#8220;http:\/\/tagespflege-wirtz.de\/asfd845qaw3\/wp-content\/uploads\/2019\/03\/Smiley_Tagespflege-Wirtz.png&#8220; align=&#8220;center&#8220; force_fullwidth=&#8220;on&#8220; custom_margin=&#8220;0px||0px|&#8220; custom_padding=&#8220;0px||0px|&#8220; \/][et_pb_image admin_label=&#8220;Bild &#8211; Menue_Beratung.png&#8220; global_parent=&#8220;69605&#8243; _builder_version=&#8220;3.19.17&#8243; src=&#8220;http:\/\/tagespflege-wirtz.de\/asfd845qaw3\/wp-content\/uploads\/2021\/02\/Menue_Beratung_v2.png&#8220; force_fullwidth=&#8220;on&#8220; custom_margin=&#8220;0px||0px|&#8220; custom_padding=&#8220;0px|||&#8220; \/][et_pb_text admin_label=&#8220;H1 &#8211; HG blau &#8211; 14pt &#8211; Beratung&#8220; global_parent=&#8220;69605&#8243; _builder_version=&#8220;3.19.17&#8243; background_color=&#8220;#31549c&#8220; text_font=&#8220;|||on|||||&#8220; text_orientation=&#8220;center&#8220; background_layout=&#8220;dark&#8220; custom_padding=&#8220;10px||3px|&#8220; custom_margin=&#8220;||0px|&#8220; header_text_shadow_style=&#8220;preset1&#8243; box_shadow_style=&#8220;preset3&#8243; text_text_shadow_style=&#8220;preset1&#8243; header_font=&#8220;|||on|||||&#8220; header_text_align=&#8220;center&#8220; header_font_size=&#8220;18px&#8220;]<\/p>\n<h1>Beratung<\/h1>\n<p>[\/et_pb_text][et_pb_text admin_label=&#8220;Text &#8211; HG wei\u00df &#8211; 12pt &#8211; Rund um das Thema&#8230;&#8220; global_parent=&#8220;69605&#8243; _builder_version=&#8220;3.19.17&#8243; text_font_size=&#8220;12px&#8220; background_color=&#8220;#ffffff&#8220; custom_padding=&#8220;10px|10px|10px|10px&#8220; custom_margin=&#8220;0px|||&#8220; box_shadow_style=&#8220;preset3&#8243;]<\/p>\n<p>Rund um das Thema Tagespflege gibt es viele Fragen. Gern nehmen wir uns f\u00fcr Sie Zeit und besprechen in Ruhe alle Sie interessierenden Themen.<\/p>\n<p>Wir kennen die Bed\u00fcrfnisse pflegebed\u00fcrftiger Menschen und haben selbstverst\u00e4ndlich ein Ohr f\u00fcr ihre Sorgen.<\/p>\n<p>\u00a0<\/p>\n<ul>\n<li><a href=\"http:\/\/tagespflege-wirtz.de\/asfd845qaw3\/haeufige-fragen\/\">H\u00c4UFIG GESTELLTE FRAGEN<\/a><\/li>\n<li><a href=\"http:\/\/tagespflege-wirtz.de\/asfd845qaw3\/haeufige-fragen\/kosten\">WER BEZAHLT DIE TAGESPFLEGE?<\/a><\/li>\n<\/ul>\n<p>[\/et_pb_text][\/et_pb_column][et_pb_column type=&#8220;1_4&#8243;][et_pb_image admin_label=&#8220;Bild &#8211; Telefon_Tagespflege-Wirtz.png&#8220; global_parent=&#8220;69605&#8243; _builder_version=&#8220;3.19.17&#8243; src=&#8220;http:\/\/tagespflege-wirtz.de\/asfd845qaw3\/wp-content\/uploads\/2019\/03\/Telefon_Tagespflege-Wirtz.png&#8220; align=&#8220;center&#8220; force_fullwidth=&#8220;on&#8220; custom_margin=&#8220;0px||0px|&#8220; custom_padding=&#8220;0px||0px|&#8220; \/][et_pb_image admin_label=&#8220;Bild &#8211; Menue_Erreichbarkeit.png&#8220; global_parent=&#8220;69605&#8243; _builder_version=&#8220;3.19.17&#8243; src=&#8220;http:\/\/tagespflege-wirtz.de\/asfd845qaw3\/wp-content\/uploads\/2021\/02\/Menue_Erreichbarkeit_v2.png&#8220; force_fullwidth=&#8220;on&#8220; custom_margin=&#8220;0px||0px|&#8220; custom_padding=&#8220;0px|||&#8220; \/][et_pb_text admin_label=&#8220;H1 &#8211; HG blau &#8211; 14pt &#8211; Erreichbarkeit&#8220; global_parent=&#8220;69605&#8243; _builder_version=&#8220;3.19.17&#8243; background_color=&#8220;#31549c&#8220; text_font=&#8220;|||on|||||&#8220; text_orientation=&#8220;center&#8220; background_layout=&#8220;dark&#8220; custom_padding=&#8220;10px||3px|&#8220; custom_margin=&#8220;||0px|&#8220; header_text_shadow_style=&#8220;preset1&#8243; box_shadow_style=&#8220;preset3&#8243; text_text_shadow_style=&#8220;preset1&#8243; header_font=&#8220;|||on|||||&#8220; header_text_align=&#8220;center&#8220; header_font_size=&#8220;18px&#8220;]<\/p>\n<h1>Erreichbarkeit<\/h1>\n<p>[\/et_pb_text][et_pb_text admin_label=&#8220;Text &#8211; HG wei\u00df &#8211; 12pt &#8211; \u00d6ffnungszeiten:&#8230;&#8220; global_parent=&#8220;69605&#8243; _builder_version=&#8220;3.19.17&#8243; text_font_size=&#8220;12px&#8220; background_color=&#8220;#ffffff&#8220; custom_padding=&#8220;10px|10px|10px|10px&#8220; custom_margin=&#8220;0px|||&#8220; box_shadow_style=&#8220;preset3&#8243;]<\/p>\n<p>\u00a0<\/p>\n<p><strong>\u00d6ffnungszeiten:<\/strong><br \/>Mo. bis Fr. 08.00 -16.30 Uhr<\/p>\n<p><strong>Beratung:<\/strong><br \/>Mo. bis Fr. 08.00 &#8211; 17.00 Uhr<br \/>und nach Vereinbarung<\/p>\n<p><strong>Telefon:<\/strong> 03724 . 847 99 33<br \/><strong>Handy: <\/strong>01525 . 5262033<\/p>\n<p><strong>Mail:<\/strong> <a href=\"mailto:info@tagespflege-burgstaedt.de\">info@tagespflege-burgstaedt.de<\/a><\/p>\n<p>\u00a0<\/p>\n<ul>\n<li><a href=\"http:\/\/tagespflege-wirtz.de\/asfd845qaw3\/kontakt\/\">KONTAKT AUFNEHMEN<\/a><\/li>\n<li><a href=\"https:\/\/www.google.com\/maps\/place\/Ahnataler+Pl.+1,+09217+Burgst%C3%A4dt\/@50.9182051,12.8090113,17z\/data=!3m1!4b1!4m5!3m4!1s0x47a73ee6d98762a9:0x36717958584ce136!8m2!3d50.9182051!4d12.8112\" target=\"_blank\" rel=\"noopener noreferrer\">STANDORT<\/a><\/li>\n<\/ul>\n<p>\u00a0<\/p>\n<p>[\/et_pb_text][\/et_pb_column][\/et_pb_row][\/et_pb_section]<\/p>\n","protected":false},"excerpt":{"rendered":"<p>[et_pb_section bb_built=&#8220;1&#8243; fullwidth=&#8220;on&#8220; specialty=&#8220;off&#8220; next_background_color=&#8220;#f4e4a6&#8243; _builder_version=&#8220;3.19.17&#8243; box_shadow_style=&#8220;preset3&#8243;][et_pb_fullwidth_image admin_label=&#8220;Volle Breite des Bildes &#8211; ueber-uns_Header.png&#8220; _builder_version=&#8220;3.19.17&#8243; src=&#8220;http:\/\/tagespflege-wirtz.de\/asfd845qaw3\/wp-content\/uploads\/2019\/05\/Header_UeberUns_Tagespflege_Burgstaedt.png&#8220; custom_margin=&#8220;20px||10px|&#8220; \/][\/et_pb_section][et_pb_section bb_built=&#8220;1&#8243; specialty=&#8220;off&#8220; prev_background_color=&#8220;#ffffff&#8220; _builder_version=&#8220;3.19.17&#8243; custom_margin=&#8220;0px||10px|&#8220; box_shadow_style=&#8220;preset3&#8243; background_color=&#8220;#f4e4a6&#8243; next_background_color=&#8220;#000000&#8243;][et_pb_row _builder_version=&#8220;3.19.17&#8243; make_equal=&#8220;on&#8220; custom_margin=&#8220;0px||0px|&#8220; custom_padding=&#8220;0px||0px|&#8220;][et_pb_column type=&#8220;1_4&#8243;][et_pb_image admin_label=&#8220;Bild &#8211; Button_blau_Mensch-Alter_Tagespflege-Wirtz.png&#8220; _builder_version=&#8220;3.19.17&#8243; src=&#8220;http:\/\/tagespflege-wirtz.de\/asfd845qaw3\/wp-content\/uploads\/2019\/03\/Button_blau_Mensch-Alter_Tagespflege-Wirtz.png&#8220; align=&#8220;center&#8220; max_width=&#8220;80%&#8220; max_width_phone=&#8220;50%&#8220; max_width_last_edited=&#8220;on|phone&#8220; \/][\/et_pb_column][et_pb_column type=&#8220;3_4&#8243;][et_pb_text admin_label=&#8220;Text &#8211; \u00dcBER UNS &#8220; _builder_version=&#8220;3.19.17&#8243; text_font_size=&#8220;16px&#8220;] \u00dcBER UNS Unser kompetentes und f\u00fcrsorgliches Team [&hellip;]<\/p>\n","protected":false},"author":1,"featured_media":0,"parent":0,"menu_order":0,"comment_status":"closed","ping_status":"closed","template":"","meta":{"_et_pb_use_builder":"on","_et_pb_old_content":"","footnotes":""},"class_list":["post-69224","page","type-page","status-publish","hentry"],"_links":{"self":[{"href":"http:\/\/tagespflege-wirtz.de\/asfd845qaw3\/wp-json\/wp\/v2\/pages\/69224"}],"collection":[{"href":"http:\/\/tagespflege-wirtz.de\/asfd845qaw3\/wp-json\/wp\/v2\/pages"}],"about":[{"href":"http:\/\/tagespflege-wirtz.de\/asfd845qaw3\/wp-json\/wp\/v2\/types\/page"}],"author":[{"embeddable":true,"href":"http:\/\/tagespflege-wirtz.de\/asfd845qaw3\/wp-json\/wp\/v2\/users\/1"}],"replies":[{"embeddable":true,"href":"http:\/\/tagespflege-wirtz.de\/asfd845qaw3\/wp-json\/wp\/v2\/comments?post=69224"}],"version-history":[{"count":44,"href":"http:\/\/tagespflege-wirtz.de\/asfd845qaw3\/wp-json\/wp\/v2\/pages\/69224\/revisions"}],"predecessor-version":[{"id":70171,"href":"http:\/\/tagespflege-wirtz.de\/asfd845qaw3\/wp-json\/wp\/v2\/pages\/69224\/revisions\/70171"}],"wp:attachment":[{"href":"http:\/\/tagespflege-wirtz.de\/asfd845qaw3\/wp-json\/wp\/v2\/media?parent=69224"}],"curies":[{"name":"wp","href":"https:\/\/api.w.org\/{rel}","templated":true}]}}